{"id":4672,"date":"2020-10-16T15:06:26","date_gmt":"2020-10-16T18:06:26","guid":{"rendered":"http:\/\/docenciavirtual.ufro.cl\/?page_id=4672"},"modified":"2021-08-30T12:44:56","modified_gmt":"2021-08-30T15:44:56","slug":"fondo-concursable","status":"publish","type":"page","link":"https:\/\/docenciavirtual.ufro.cl\/index.php\/fondo-concursable\/","title":{"rendered":"Fondo Concursable Proyectos de Desarrollo e Innovaci\u00f3n Docente 2021"},"content":{"rendered":"\t\t<div data-elementor-type=\"wp-page\" data-elementor-id=\"4672\" class=\"elementor elementor-4672\">\n\t\t\t\t\t\t\t\t\t<section class=\"elementor-section elementor-top-section elementor-element elementor-element-47c3379 elementor-section-boxed elementor-section-height-default elementor-section-height-default\" data-id=\"47c3379\" data-element_type=\"section\">\n\t\t\t\t\t\t<div class=\"elementor-container elementor-column-gap-default\">\n\t\t\t\t\t<div class=\"elementor-column elementor-col-100 elementor-top-column elementor-element elementor-element-096bc30\" data-id=\"096bc30\" data-element_type=\"column\">\n\t\t\t<div class=\"elementor-widget-wrap\">\n\t\t\t\t\t\t\t\t\t<\/div>\n\t\t<\/div>\n\t\t\t\t\t\t\t<\/div>\n\t\t<\/section>\n\t\t\t\t<section class=\"elementor-section elementor-top-section elementor-element elementor-element-ef72092 elementor-section-boxed elementor-section-height-default elementor-section-height-default\" data-id=\"ef72092\" data-element_type=\"section\">\n\t\t\t\t\t\t<div class=\"elementor-container elementor-column-gap-default\">\n\t\t\t\t\t<div class=\"elementor-column elementor-col-100 elementor-top-column elementor-element elementor-element-5f72aa3\" data-id=\"5f72aa3\" data-element_type=\"column\">\n\t\t\t<div class=\"elementor-widget-wrap elementor-element-populated\">\n\t\t\t\t\t\t\t\t<div class=\"elementor-element elementor-element-9dab8e5 elementor-widget elementor-widget-spacer\" data-id=\"9dab8e5\" data-element_type=\"widget\" data-widget_type=\"spacer.default\">\n\t\t\t\t<div class=\"elementor-widget-container\">\n\t\t\t\t\t<div class=\"elementor-spacer\">\n\t\t\t<div class=\"elementor-spacer-inner\"><\/div>\n\t\t<\/div>\n\t\t\t\t<\/div>\n\t\t\t\t<\/div>\n\t\t\t\t\t<\/div>\n\t\t<\/div>\n\t\t\t\t\t\t\t<\/div>\n\t\t<\/section>\n\t\t\t\t<section class=\"elementor-section elementor-top-section elementor-element elementor-element-a4f8a4c elementor-section-boxed elementor-section-height-default elementor-section-height-default\" data-id=\"a4f8a4c\" data-element_type=\"section\">\n\t\t\t\t\t\t<div class=\"elementor-container elementor-column-gap-default\">\n\t\t\t\t\t<div class=\"elementor-column elementor-col-100 elementor-top-column elementor-element elementor-element-d215b3d\" data-id=\"d215b3d\" data-element_type=\"column\">\n\t\t\t<div class=\"elementor-widget-wrap elementor-element-populated\">\n\t\t\t\t\t\t\t\t<div class=\"elementor-element elementor-element-6bfca1a elementor-widget elementor-widget-spacer\" data-id=\"6bfca1a\" data-element_type=\"widget\" data-widget_type=\"spacer.default\">\n\t\t\t\t<div class=\"elementor-widget-container\">\n\t\t\t\t\t<div class=\"elementor-spacer\">\n\t\t\t<div class=\"elementor-spacer-inner\"><\/div>\n\t\t<\/div>\n\t\t\t\t<\/div>\n\t\t\t\t<\/div>\n\t\t\t\t<div class=\"elementor-element elementor-element-b8eb6de elementor-widget elementor-widget-image\" data-id=\"b8eb6de\" data-element_type=\"widget\" data-widget_type=\"image.default\">\n\t\t\t\t<div class=\"elementor-widget-container\">\n\t\t\t\t\t\t\t\t\t\t\t\t\t\t\t<img decoding=\"async\" src=\"https:\/\/docenciavirtual.ufro.cl\/wp-content\/uploads\/2021\/08\/Banner-Dircom_proyectosinnovacion.jpg\" title=\"Banner-Dircom_proyectosinnovacion\" alt=\"Banner-Dircom_proyectosinnovacion\" loading=\"lazy\" \/>\t\t\t\t\t\t\t\t\t\t\t\t\t\t\t<\/div>\n\t\t\t\t<\/div>\n\t\t\t\t\t<\/div>\n\t\t<\/div>\n\t\t\t\t\t\t\t<\/div>\n\t\t<\/section>\n\t\t\t\t<section class=\"elementor-section elementor-top-section elementor-element elementor-element-ad3fd68 elementor-section-boxed elementor-section-height-default elementor-section-height-default\" data-id=\"ad3fd68\" data-element_type=\"section\">\n\t\t\t\t\t\t<div class=\"elementor-container elementor-column-gap-default\">\n\t\t\t\t\t<div class=\"elementor-column elementor-col-100 elementor-top-column elementor-element elementor-element-93c225b\" data-id=\"93c225b\" data-element_type=\"column\">\n\t\t\t<div class=\"elementor-widget-wrap elementor-element-populated\">\n\t\t\t\t\t\t\t\t<div class=\"elementor-element elementor-element-1d59d97 elementor-widget elementor-widget-spacer\" data-id=\"1d59d97\" data-element_type=\"widget\" data-widget_type=\"spacer.default\">\n\t\t\t\t<div class=\"elementor-widget-container\">\n\t\t\t\t\t<div class=\"elementor-spacer\">\n\t\t\t<div class=\"elementor-spacer-inner\"><\/div>\n\t\t<\/div>\n\t\t\t\t<\/div>\n\t\t\t\t<\/div>\n\t\t\t\t\t<\/div>\n\t\t<\/div>\n\t\t\t\t\t\t\t<\/div>\n\t\t<\/section>\n\t\t\t\t<section class=\"elementor-section elementor-top-section elementor-element elementor-element-9185d64 elementor-section-boxed elementor-section-height-default elementor-section-height-default\" data-id=\"9185d64\" data-element_type=\"section\">\n\t\t\t\t\t\t<div class=\"elementor-container elementor-column-gap-default\">\n\t\t\t\t\t<div class=\"elementor-column elementor-col-50 elementor-top-column elementor-element elementor-element-fc5839e\" data-id=\"fc5839e\" data-element_type=\"column\">\n\t\t\t<div class=\"elementor-widget-wrap elementor-element-populated\">\n\t\t\t\t\t\t\t\t<div class=\"elementor-element elementor-element-96350a8 elementor-widget elementor-widget-image\" data-id=\"96350a8\" data-element_type=\"widget\" data-widget_type=\"image.default\">\n\t\t\t\t<div class=\"elementor-widget-container\">\n\t\t\t\t\t\t\t\t\t\t\t\t\t\t\t<img decoding=\"async\" loading=\"lazy\" width=\"724\" height=\"1024\" src=\"https:\/\/docenciavirtual.ufro.cl\/wp-content\/uploads\/2021\/08\/Proyectos-de-innovacion2021_060821_Pagina_01-724x1024.jpg\" class=\"attachment-large size-large wp-image-6856\" alt=\"\" srcset=\"https:\/\/docenciavirtual.ufro.cl\/wp-content\/uploads\/2021\/08\/Proyectos-de-innovacion2021_060821_Pagina_01-724x1024.jpg 724w, https:\/\/docenciavirtual.ufro.cl\/wp-content\/uploads\/2021\/08\/Proyectos-de-innovacion2021_060821_Pagina_01-212x300.jpg 212w, https:\/\/docenciavirtual.ufro.cl\/wp-content\/uploads\/2021\/08\/Proyectos-de-innovacion2021_060821_Pagina_01-768x1086.jpg 768w, https:\/\/docenciavirtual.ufro.cl\/wp-content\/uploads\/2021\/08\/Proyectos-de-innovacion2021_060821_Pagina_01-1086x1536.jpg 1086w, https:\/\/docenciavirtual.ufro.cl\/wp-content\/uploads\/2021\/08\/Proyectos-de-innovacion2021_060821_Pagina_01-1448x2048.jpg 1448w, https:\/\/docenciavirtual.ufro.cl\/wp-content\/uploads\/2021\/08\/Proyectos-de-innovacion2021_060821_Pagina_01-17x24.jpg 17w, https:\/\/docenciavirtual.ufro.cl\/wp-content\/uploads\/2021\/08\/Proyectos-de-innovacion2021_060821_Pagina_01-25x36.jpg 25w, https:\/\/docenciavirtual.ufro.cl\/wp-content\/uploads\/2021\/08\/Proyectos-de-innovacion2021_060821_Pagina_01-34x48.jpg 34w, https:\/\/docenciavirtual.ufro.cl\/wp-content\/uploads\/2021\/08\/Proyectos-de-innovacion2021_060821_Pagina_01-scaled.jpg 1810w\" sizes=\"(max-width: 724px) 100vw, 724px\" \/>\t\t\t\t\t\t\t\t\t\t\t\t\t\t\t<\/div>\n\t\t\t\t<\/div>\n\t\t\t\t\t<\/div>\n\t\t<\/div>\n\t\t\t\t<div class=\"elementor-column elementor-col-50 elementor-top-column elementor-element elementor-element-a0fc525\" data-id=\"a0fc525\" data-element_type=\"column\">\n\t\t\t<div class=\"elementor-widget-wrap elementor-element-populated\">\n\t\t\t\t\t\t\t\t<div class=\"elementor-element elementor-element-cd78408 elementor-widget elementor-widget-text-editor\" data-id=\"cd78408\" data-element_type=\"widget\" data-widget_type=\"text-editor.default\">\n\t\t\t\t<div class=\"elementor-widget-container\">\n\t\t\t\t\t\t\t<p><em>Este 2021 la educaci\u00f3n superior ha debido implementar cambios importantes y realizar acciones para dar sostenibilidad a un proceso formativo que repentinamente se vio alterado el a\u00f1o 2020 por la presencia del Covid-19. No era previsible una docencia remota o virtual de emergencia durante todo el a\u00f1o, menos a\u00fan, que durante la implementaci\u00f3n<\/em><br \/><em>de \u00e9sta tendr\u00edamos que iniciar la planeaci\u00f3n de un proceso de cara a una \u201cnueva normalidad\u201d, que demandar\u00e1 adaptarnos a una docencia en modalidad mixta, bajo condiciones de distanciamiento f\u00edsico y todo lo que conlleva.<\/em><\/p><p><br \/><em>En este escenario los Proyectos de Desarrollo e Innovaci\u00f3n Docente, en esta versi\u00f3n 2021 pondr\u00e1n especial atenci\u00f3n a innovaciones que est\u00e9n en sinton\u00eda con las demandas emergentes; la adaptaci\u00f3n de la docencia a las nuevas condiciones (incorporaci\u00f3n de entornos virtuales), y explorar nuevas formas de desarrollar actividades pr\u00e1cticas de ense\u00f1anza para el logro de las habilidades comprometidas del estudiante en formaci\u00f3n acorde a las diversas disciplinas.<\/em><\/p>\t\t\t\t\t\t<\/div>\n\t\t\t\t<\/div>\n\t\t\t\t<div class=\"elementor-element elementor-element-fa1a44f elementor-align-center elementor-widget elementor-widget-button\" data-id=\"fa1a44f\" data-element_type=\"widget\" data-widget_type=\"button.default\">\n\t\t\t\t<div class=\"elementor-widget-container\">\n\t\t\t\t\t<div class=\"elementor-button-wrapper\">\n\t\t\t<a class=\"elementor-button elementor-button-link elementor-size-sm\" href=\"https:\/\/docenciavirtual.ufro.cl\/wp-content\/uploads\/2021\/08\/Proyectos-de-innovacion2021_060821-2.pdf\" target=\"_blank\">\n\t\t\t\t\t\t<span class=\"elementor-button-content-wrapper\">\n\t\t\t\t\t\t<span class=\"elementor-button-icon elementor-align-icon-left\">\n\t\t\t\t<i aria-hidden=\"true\" class=\"far fa-file-pdf\"><\/i>\t\t\t<\/span>\n\t\t\t\t\t\t<span class=\"elementor-button-text\">Descargar Bases<\/span>\n\t\t<\/span>\n\t\t\t\t\t<\/a>\n\t\t<\/div>\n\t\t\t\t<\/div>\n\t\t\t\t<\/div>\n\t\t\t\t<div class=\"elementor-element elementor-element-67cf8d4 elementor-align-center elementor-widget elementor-widget-button\" data-id=\"67cf8d4\" data-element_type=\"widget\" data-widget_type=\"button.default\">\n\t\t\t\t<div class=\"elementor-widget-container\">\n\t\t\t\t\t<div class=\"elementor-button-wrapper\">\n\t\t\t<a class=\"elementor-button elementor-button-link elementor-size-sm\" href=\"https:\/\/intranet.ufro.cl\/\" target=\"_blank\">\n\t\t\t\t\t\t<span class=\"elementor-button-content-wrapper\">\n\t\t\t\t\t\t<span class=\"elementor-button-icon elementor-align-icon-left\">\n\t\t\t\t<i aria-hidden=\"true\" class=\"far fa-arrow-alt-circle-right\"><\/i>\t\t\t<\/span>\n\t\t\t\t\t\t<span class=\"elementor-button-text\">Ir a Intranet<\/span>\n\t\t<\/span>\n\t\t\t\t\t<\/a>\n\t\t<\/div>\n\t\t\t\t<\/div>\n\t\t\t\t<\/div>\n\t\t\t\t\t<\/div>\n\t\t<\/div>\n\t\t\t\t\t\t\t<\/div>\n\t\t<\/section>\n\t\t\t\t<section class=\"elementor-section elementor-top-section elementor-element elementor-element-9fb5b39 elementor-section-boxed elementor-section-height-default elementor-section-height-default\" data-id=\"9fb5b39\" data-element_type=\"section\">\n\t\t\t\t\t\t<div class=\"elementor-container elementor-column-gap-default\">\n\t\t\t\t\t<div class=\"elementor-column elementor-col-100 elementor-top-column elementor-element elementor-element-6784f1e\" data-id=\"6784f1e\" data-element_type=\"column\">\n\t\t\t<div class=\"elementor-widget-wrap elementor-element-populated\">\n\t\t\t\t\t\t\t\t<div class=\"elementor-element elementor-element-c514af7 elementor-widget elementor-widget-spacer\" data-id=\"c514af7\" data-element_type=\"widget\" data-widget_type=\"spacer.default\">\n\t\t\t\t<div class=\"elementor-widget-container\">\n\t\t\t\t\t<div class=\"elementor-spacer\">\n\t\t\t<div class=\"elementor-spacer-inner\"><\/div>\n\t\t<\/div>\n\t\t\t\t<\/div>\n\t\t\t\t<\/div>\n\t\t\t\t\t<\/div>\n\t\t<\/div>\n\t\t\t\t\t\t\t<\/div>\n\t\t<\/section>\n\t\t\t\t<section class=\"elementor-section elementor-top-section elementor-element elementor-element-87db70e elementor-section-boxed elementor-section-height-default elementor-section-height-default\" data-id=\"87db70e\" data-element_type=\"section\">\n\t\t\t\t\t\t<div class=\"elementor-container elementor-column-gap-default\">\n\t\t\t\t\t<div class=\"elementor-column elementor-col-100 elementor-top-column elementor-element elementor-element-bc55fa6\" data-id=\"bc55fa6\" data-element_type=\"column\">\n\t\t\t<div class=\"elementor-widget-wrap elementor-element-populated\">\n\t\t\t\t\t\t\t\t<div class=\"elementor-element elementor-element-9b6c692 elementor-widget elementor-widget-spacer\" data-id=\"9b6c692\" data-element_type=\"widget\" data-widget_type=\"spacer.default\">\n\t\t\t\t<div class=\"elementor-widget-container\">\n\t\t\t\t\t<div class=\"elementor-spacer\">\n\t\t\t<div class=\"elementor-spacer-inner\"><\/div>\n\t\t<\/div>\n\t\t\t\t<\/div>\n\t\t\t\t<\/div>\n\t\t\t\t\t<\/div>\n\t\t<\/div>\n\t\t\t\t\t\t\t<\/div>\n\t\t<\/section>\n\t\t\t\t<section class=\"elementor-section elementor-top-section elementor-element elementor-element-04ab03c elementor-section-boxed elementor-section-height-default elementor-section-height-default\" data-id=\"04ab03c\" data-element_type=\"section\">\n\t\t\t\t\t\t<div class=\"elementor-container elementor-column-gap-default\">\n\t\t\t\t\t<div class=\"elementor-column elementor-col-100 elementor-top-column elementor-element elementor-element-e761112\" data-id=\"e761112\" data-element_type=\"column\">\n\t\t\t<div class=\"elementor-widget-wrap elementor-element-populated\">\n\t\t\t\t\t\t\t\t<div class=\"elementor-element elementor-element-5e26897 elementor-widget elementor-widget-heading\" data-id=\"5e26897\" data-element_type=\"widget\" data-widget_type=\"heading.default\">\n\t\t\t\t<div class=\"elementor-widget-container\">\n\t\t\t<h2 class=\"elementor-heading-title elementor-size-default\">BASES CONVOCATORIA 2021\nPROYECTOS DE DESARROLLO E INNOVACI\u00d3N DOCENTE (PDID)<\/h2>\t\t<\/div>\n\t\t\t\t<\/div>\n\t\t\t\t\t<\/div>\n\t\t<\/div>\n\t\t\t\t\t\t\t<\/div>\n\t\t<\/section>\n\t\t\t\t<section class=\"elementor-section elementor-top-section elementor-element elementor-element-3cad439 elementor-section-boxed elementor-section-height-default elementor-section-height-default\" data-id=\"3cad439\" data-element_type=\"section\">\n\t\t\t\t\t\t<div class=\"elementor-container elementor-column-gap-default\">\n\t\t\t\t\t<div class=\"elementor-column elementor-col-100 elementor-top-column elementor-element elementor-element-ed0a3fc\" data-id=\"ed0a3fc\" data-element_type=\"column\">\n\t\t\t<div class=\"elementor-widget-wrap elementor-element-populated\">\n\t\t\t\t\t\t\t\t<div class=\"elementor-element elementor-element-7d50bf8 elementor-widget elementor-widget-heading\" data-id=\"7d50bf8\" data-element_type=\"widget\" data-widget_type=\"heading.default\">\n\t\t\t\t<div class=\"elementor-widget-container\">\n\t\t\t<h3 class=\"elementor-heading-title elementor-size-default\">I.\tINTRODUCCI\u00d3N\n<\/h3>\t\t<\/div>\n\t\t\t\t<\/div>\n\t\t\t\t\t<\/div>\n\t\t<\/div>\n\t\t\t\t\t\t\t<\/div>\n\t\t<\/section>\n\t\t\t\t<section class=\"elementor-section elementor-top-section elementor-element elementor-element-269f54d elementor-section-boxed elementor-section-height-default elementor-section-height-default\" data-id=\"269f54d\" data-element_type=\"section\">\n\t\t\t\t\t\t<div class=\"elementor-container elementor-column-gap-default\">\n\t\t\t\t\t<div class=\"elementor-column elementor-col-100 elementor-top-column elementor-element elementor-element-1b3b05a\" data-id=\"1b3b05a\" data-element_type=\"column\">\n\t\t\t<div class=\"elementor-widget-wrap elementor-element-populated\">\n\t\t\t\t\t\t\t\t<div class=\"elementor-element elementor-element-13bd746 elementor-widget elementor-widget-text-editor\" data-id=\"13bd746\" data-element_type=\"widget\" data-widget_type=\"text-editor.default\">\n\t\t\t\t<div class=\"elementor-widget-container\">\n\t\t\t\t\t\t\t<div class=\"page\" title=\"Page 2\"><div class=\"layoutArea\"><div class=\"column\"><p>Este 2021 la educacio\u0301n superior ha debido implementar cambios importantes y realizar acciones para dar sostenibilidad a un proceso formativo que repentinamente se vio alterado el an\u0303o 2020 por la presencia del Covid-19. No era previsible una docencia remota o virtual de emergencia durante todo el an\u0303o, menos au\u0301n, que durante la implementacio\u0301n de e\u0301sta tendri\u0301amos que iniciar la planeacio\u0301n de un proceso de cara a una \u201cnueva normalidad\u201d, que demandara\u0301 adaptarnos a una docencia en modalidad mixta, bajo condiciones de distanciamiento fi\u0301sico y todo lo que conlleva.<\/p><p>En este escenario los Proyectos de Desarrollo e Innovacio\u0301n Docente, en esta versio\u0301n 2021 pondra\u0301n especial atencio\u0301n a innovaciones que este\u0301n en sintoni\u0301a con las demandas emergentes; la adaptacio\u0301n de la docencia a las nuevas condiciones (incorporacio\u0301n de entornos virtuales), y explorar nuevas formas de desarrollar actividades pra\u0301cticas de ensen\u0303anza para el logro de las habilidades comprometidas del estudiante en formacio\u0301n acorde a las diversas disciplinas.<\/p><p>Como Vicerrectori\u0301a de Pregrado, seguiremos trabajando sostenidamente para el logro de los propo\u0301sitos institucionales, poniendo siempre al centro las necesidades de los estudiantes y apoyando a los docentes ante las nuevas exigencias que enfrentan. Creemos que las experiencias de innovacio\u0301n son una gran oportunidad de aprendizaje institucional para responder a los cambios que se han iniciado en los procesos de ensen\u0303anza y aprendizaje en la educacio\u0301n en general.<\/p><\/div><\/div><\/div>\t\t\t\t\t\t<\/div>\n\t\t\t\t<\/div>\n\t\t\t\t\t<\/div>\n\t\t<\/div>\n\t\t\t\t\t\t\t<\/div>\n\t\t<\/section>\n\t\t\t\t<section class=\"elementor-section elementor-top-section elementor-element elementor-element-ede36c9 elementor-section-boxed elementor-section-height-default elementor-section-height-default\" data-id=\"ede36c9\" data-element_type=\"section\">\n\t\t\t\t\t\t<div class=\"elementor-container elementor-column-gap-default\">\n\t\t\t\t\t<div class=\"elementor-column elementor-col-100 elementor-top-column elementor-element elementor-element-ce10ac9\" data-id=\"ce10ac9\" data-element_type=\"column\">\n\t\t\t<div class=\"elementor-widget-wrap elementor-element-populated\">\n\t\t\t\t\t\t\t\t<div class=\"elementor-element elementor-element-21067ef elementor-widget elementor-widget-heading\" data-id=\"21067ef\" data-element_type=\"widget\" data-widget_type=\"heading.default\">\n\t\t\t\t<div class=\"elementor-widget-container\">\n\t\t\t<h3 class=\"elementor-heading-title elementor-size-default\">II.\tOBJETIVOS\n<\/h3>\t\t<\/div>\n\t\t\t\t<\/div>\n\t\t\t\t\t<\/div>\n\t\t<\/div>\n\t\t\t\t\t\t\t<\/div>\n\t\t<\/section>\n\t\t\t\t<section class=\"elementor-section elementor-top-section elementor-element elementor-element-86cef18 elementor-section-boxed elementor-section-height-default elementor-section-height-default\" data-id=\"86cef18\" data-element_type=\"section\">\n\t\t\t\t\t\t<div class=\"elementor-container elementor-column-gap-default\">\n\t\t\t\t\t<div class=\"elementor-column elementor-col-100 elementor-top-column elementor-element elementor-element-32ed836\" data-id=\"32ed836\" data-element_type=\"column\">\n\t\t\t<div class=\"elementor-widget-wrap elementor-element-populated\">\n\t\t\t\t\t\t\t\t<div class=\"elementor-element elementor-element-9a23d05 elementor-widget elementor-widget-text-editor\" data-id=\"9a23d05\" data-element_type=\"widget\" data-widget_type=\"text-editor.default\">\n\t\t\t\t<div class=\"elementor-widget-container\">\n\t\t\t\t\t\t\t<ol><li><strong>Propiciar el desarrollo de iniciativas docentes <\/strong>que de manera experimental busquen mejorar las condiciones en que se desarrolla el proceso de ense\u00f1anza aprendizaje y que analicen e interpreten en cada situaci\u00f3n el impacto de los resultado.<\/li><li><strong style=\"color: var( --e-global-color-text ); font-family: var( --e-global-typography-text-font-family ), arial; letter-spacing: 0px;\">Impulsar la conformaci\u00f3n de equipos docentes orientados a la innovaci\u00f3n educativa, <\/strong><span style=\"color: var( --e-global-color-text ); font-family: var( --e-global-typography-text-font-family ), arial; font-weight: var( --e-global-typography-text-font-weight ); letter-spacing: 0px;\">que indaguen sobre los procesos de ense\u00f1anza-aprendizaje y reflexionen sobre su propia pr\u00e1ctica docente, buscando la manera de mejorar ambos aspectos.<\/span><\/li><\/ol>\t\t\t\t\t\t<\/div>\n\t\t\t\t<\/div>\n\t\t\t\t\t<\/div>\n\t\t<\/div>\n\t\t\t\t\t\t\t<\/div>\n\t\t<\/section>\n\t\t\t\t<section class=\"elementor-section elementor-top-section elementor-element elementor-element-5de040c elementor-section-boxed elementor-section-height-default elementor-section-height-default\" data-id=\"5de040c\" data-element_type=\"section\">\n\t\t\t\t\t\t<div class=\"elementor-container elementor-column-gap-default\">\n\t\t\t\t\t<div class=\"elementor-column elementor-col-100 elementor-top-column elementor-element elementor-element-77d1e7b\" data-id=\"77d1e7b\" data-element_type=\"column\">\n\t\t\t<div class=\"elementor-widget-wrap elementor-element-populated\">\n\t\t\t\t\t\t\t\t<div class=\"elementor-element elementor-element-a9c7b50 elementor-widget elementor-widget-spacer\" data-id=\"a9c7b50\" data-element_type=\"widget\" data-widget_type=\"spacer.default\">\n\t\t\t\t<div class=\"elementor-widget-container\">\n\t\t\t\t\t<div class=\"elementor-spacer\">\n\t\t\t<div class=\"elementor-spacer-inner\"><\/div>\n\t\t<\/div>\n\t\t\t\t<\/div>\n\t\t\t\t<\/div>\n\t\t\t\t\t<\/div>\n\t\t<\/div>\n\t\t\t\t\t\t\t<\/div>\n\t\t<\/section>\n\t\t\t\t<section class=\"elementor-section elementor-top-section elementor-element elementor-element-81ca86d elementor-section-boxed elementor-section-height-default elementor-section-height-default\" data-id=\"81ca86d\" data-element_type=\"section\">\n\t\t\t\t\t\t<div class=\"elementor-container elementor-column-gap-default\">\n\t\t\t\t\t<div class=\"elementor-column elementor-col-100 elementor-top-column elementor-element elementor-element-b5724b1\" data-id=\"b5724b1\" data-element_type=\"column\">\n\t\t\t<div class=\"elementor-widget-wrap elementor-element-populated\">\n\t\t\t\t\t\t\t\t<div class=\"elementor-element elementor-element-7603a41 elementor-widget elementor-widget-heading\" data-id=\"7603a41\" data-element_type=\"widget\" data-widget_type=\"heading.default\">\n\t\t\t\t<div class=\"elementor-widget-container\">\n\t\t\t<h3 class=\"elementor-heading-title elementor-size-default\">III.- ALCANCES DE LA CONVOCATORIA 2021\n\n<\/h3>\t\t<\/div>\n\t\t\t\t<\/div>\n\t\t\t\t\t<\/div>\n\t\t<\/div>\n\t\t\t\t\t\t\t<\/div>\n\t\t<\/section>\n\t\t\t\t<section class=\"elementor-section elementor-top-section elementor-element elementor-element-50ad2c5 elementor-section-boxed elementor-section-height-default elementor-section-height-default\" data-id=\"50ad2c5\" data-element_type=\"section\">\n\t\t\t\t\t\t<div class=\"elementor-container elementor-column-gap-default\">\n\t\t\t\t\t<div class=\"elementor-column elementor-col-100 elementor-top-column elementor-element elementor-element-cbffc84\" data-id=\"cbffc84\" data-element_type=\"column\">\n\t\t\t<div class=\"elementor-widget-wrap elementor-element-populated\">\n\t\t\t\t\t\t\t\t<div class=\"elementor-element elementor-element-f6f724d elementor-widget elementor-widget-text-editor\" data-id=\"f6f724d\" data-element_type=\"widget\" data-widget_type=\"text-editor.default\">\n\t\t\t\t<div class=\"elementor-widget-container\">\n\t\t\t\t\t\t\t<div class=\"page\" title=\"Page 3\"><div class=\"layoutArea\"><div class=\"column\"><p>La Vicerrectori\u0301a de Pregrado de La Universidad de La Frontera, a trave\u0301s de la Direccio\u0301n de Desarrollo Curricular y Docente, pone a disposicio\u0301n un fondo concursable para iniciativas de innovacio\u0301n docente en la bu\u0301squeda permanente de te\u0301cnicas, metodologi\u0301as y recursos ma\u0301s acordes a la situacio\u0301n de aprendizaje de los estudiantes, como parte de la estrategia institucional para el mejoramiento continuo de la docencia.<\/p><p>Se entiende por Innovacio\u0301n Docente al proceso que conlleva intencionadamente cambios en las pra\u0301cticas y me\u0301todos docentes, buscando mejorarlos u originar otros nuevos, para dar respuesta a alguna dificultad o necesidad detectada en el proceso de ensen\u0303anza-aprendizaje. Este proceso implica implementar ideas o pra\u0301cticas, evaluando los resultados obtenidos y velando por la generacio\u0301n de conocimiento sistema\u0301ticoinstitucional, reflexionado sobre el mismo y propiciando el aprendizaje y la mejora continua.<\/p><p>En esta convocatoria las iniciativas o pra\u0301cticas innovadoras debera\u0301n ser disen\u0303adas para el contexto de una modalidad mixta (http:\/\/docenciavirtual.ufro.cl\/index.php\/que-es-la-modalidad-mixta\/) , analizando los logros de aprendizajes que alcancen los y las estudiantes y\/o la contribucio\u0301n al perfil de egreso, sistematizando los logros que se alcancen en conjunto con el estudiantado, adema\u0301s de la propia experiencia del do- cente que innova. En esta convocatoria se busca potenciar la conformacio\u0301n de equipos docentes que enfrenten su docencia de manera reflexiva, que sean indagadores de los procesos de ensen\u0303anza de su disciplina, que busquen mejoras permanentes para evitar los obsta\u0301culos en el proceso de aprendizaje que impactan en la aprobacio\u0301n, integrando nuevas tecnologi\u0301as para enfrentar estos desafi\u0301os<\/p><\/div><\/div><\/div>\t\t\t\t\t\t<\/div>\n\t\t\t\t<\/div>\n\t\t\t\t\t<\/div>\n\t\t<\/div>\n\t\t\t\t\t\t\t<\/div>\n\t\t<\/section>\n\t\t\t\t<section class=\"elementor-section elementor-top-section elementor-element elementor-element-4fe2e8c elementor-section-boxed elementor-section-height-default elementor-section-height-default\" data-id=\"4fe2e8c\" data-element_type=\"section\">\n\t\t\t\t\t\t<div class=\"elementor-container elementor-column-gap-default\">\n\t\t\t\t\t<div class=\"elementor-column elementor-col-100 elementor-top-column elementor-element elementor-element-e4d553d\" data-id=\"e4d553d\" data-element_type=\"column\">\n\t\t\t<div class=\"elementor-widget-wrap elementor-element-populated\">\n\t\t\t\t\t\t\t\t<div class=\"elementor-element elementor-element-08969b4 elementor-widget elementor-widget-spacer\" data-id=\"08969b4\" data-element_type=\"widget\" data-widget_type=\"spacer.default\">\n\t\t\t\t<div class=\"elementor-widget-container\">\n\t\t\t\t\t<div class=\"elementor-spacer\">\n\t\t\t<div class=\"elementor-spacer-inner\"><\/div>\n\t\t<\/div>\n\t\t\t\t<\/div>\n\t\t\t\t<\/div>\n\t\t\t\t\t<\/div>\n\t\t<\/div>\n\t\t\t\t\t\t\t<\/div>\n\t\t<\/section>\n\t\t\t\t<section class=\"elementor-section elementor-top-section elementor-element elementor-element-8050dff elementor-section-boxed elementor-section-height-default elementor-section-height-default\" data-id=\"8050dff\" data-element_type=\"section\">\n\t\t\t\t\t\t<div class=\"elementor-container elementor-column-gap-default\">\n\t\t\t\t\t<div class=\"elementor-column elementor-col-100 elementor-top-column elementor-element elementor-element-5c015e0\" data-id=\"5c015e0\" data-element_type=\"column\">\n\t\t\t<div class=\"elementor-widget-wrap elementor-element-populated\">\n\t\t\t\t\t\t\t\t<div class=\"elementor-element elementor-element-d0851c1 elementor-widget elementor-widget-heading\" data-id=\"d0851c1\" data-element_type=\"widget\" data-widget_type=\"heading.default\">\n\t\t\t\t<div class=\"elementor-widget-container\">\n\t\t\t<h3 class=\"elementor-heading-title elementor-size-default\">IV. A QUI\u00c9N EST\u00c1 DIRIGIDA LA CONVOCATORIA\n<\/h3>\t\t<\/div>\n\t\t\t\t<\/div>\n\t\t\t\t\t<\/div>\n\t\t<\/div>\n\t\t\t\t\t\t\t<\/div>\n\t\t<\/section>\n\t\t\t\t<section class=\"elementor-section elementor-top-section elementor-element elementor-element-c9deccd elementor-section-boxed elementor-section-height-default elementor-section-height-default\" data-id=\"c9deccd\" data-element_type=\"section\">\n\t\t\t\t\t\t<div class=\"elementor-container elementor-column-gap-default\">\n\t\t\t\t\t<div class=\"elementor-column elementor-col-100 elementor-top-column elementor-element elementor-element-a840f47\" data-id=\"a840f47\" data-element_type=\"column\">\n\t\t\t<div class=\"elementor-widget-wrap elementor-element-populated\">\n\t\t\t\t\t\t\t\t<div class=\"elementor-element elementor-element-5676c2b elementor-widget elementor-widget-text-editor\" data-id=\"5676c2b\" data-element_type=\"widget\" data-widget_type=\"text-editor.default\">\n\t\t\t\t<div class=\"elementor-widget-container\">\n\t\t\t\t\t\t\t<ol><li>Equipos docentes de la Universidad de La Frontera, conformados por m\u00ednimo dos y hasta cuatro. Podr\u00e1n estar conformados por miembros de uno o m\u00e1s departamentos seg\u00fan las particularidades de la propuesta.<\/li><li>Entre los miembros del equipo docente, uno de ellos deber\u00e1 asumir el cargo de Director (a) del Proyecto y otro miembro del equipo ser\u00e1 Director(a). El director(a) y director(a) subrogante ser\u00e1n los representantes del proyecto y, por ende, interlocutores frente a la Direcci\u00f3n de Desarrollo Curricular y Docente (DICDO).<\/li><li>Podr\u00e1 ser Director (a) del proyecto cualquier docente con contrato en propiedad o a contrata, contratado como m\u00ednimo por media jornada.<\/li><li>Podr\u00e1 el equipo docente contar con otros miembros colaboradores (docentes, estudiantes ayudantes, docentes de otras universidades u otros niveles educativos), a quienes se podr\u00e1 acreditar su participaci\u00f3n con una constancia emitida por la Direcci\u00f3n de Desarrollo Curricular y Docente (DICDO).<\/li><li>Los docentes participantes podr\u00e1n ser parte solo de un proyecto en postulaci\u00f3n por a\u00f1o.<\/li><li>Podr\u00e1n postular equipos docentes cuyos participantes hayan participado en convocatorias anteriores, que habiendo terminado y en funci\u00f3n de sus resultados deseen dar continuidad, ajustar, mejorar o profundizar las propuestas de innovaci\u00f3n<\/li><\/ol>\t\t\t\t\t\t<\/div>\n\t\t\t\t<\/div>\n\t\t\t\t\t<\/div>\n\t\t<\/div>\n\t\t\t\t\t\t\t<\/div>\n\t\t<\/section>\n\t\t\t\t<section class=\"elementor-section elementor-top-section elementor-element elementor-element-748160e elementor-section-boxed elementor-section-height-default elementor-section-height-default\" data-id=\"748160e\" data-element_type=\"section\">\n\t\t\t\t\t\t<div class=\"elementor-container elementor-column-gap-default\">\n\t\t\t\t\t<div class=\"elementor-column elementor-col-100 elementor-top-column elementor-element elementor-element-694ec16\" data-id=\"694ec16\" data-element_type=\"column\">\n\t\t\t<div class=\"elementor-widget-wrap elementor-element-populated\">\n\t\t\t\t\t\t\t\t<div class=\"elementor-element elementor-element-12fe826 elementor-widget elementor-widget-heading\" data-id=\"12fe826\" data-element_type=\"widget\" data-widget_type=\"heading.default\">\n\t\t\t\t<div class=\"elementor-widget-container\">\n\t\t\t<h3 class=\"elementor-heading-title elementor-size-default\">V. RESPONSABILIDADES DEL EQUIPO DOCENTE PARTICIPANTE<\/h3>\t\t<\/div>\n\t\t\t\t<\/div>\n\t\t\t\t\t<\/div>\n\t\t<\/div>\n\t\t\t\t\t\t\t<\/div>\n\t\t<\/section>\n\t\t\t\t<section class=\"elementor-section elementor-top-section elementor-element elementor-element-cd80b72 elementor-section-boxed elementor-section-height-default elementor-section-height-default\" data-id=\"cd80b72\" data-element_type=\"section\">\n\t\t\t\t\t\t<div class=\"elementor-container elementor-column-gap-default\">\n\t\t\t\t\t<div class=\"elementor-column elementor-col-100 elementor-top-column elementor-element elementor-element-9c49c88\" data-id=\"9c49c88\" data-element_type=\"column\">\n\t\t\t<div class=\"elementor-widget-wrap elementor-element-populated\">\n\t\t\t\t\t\t\t\t<div class=\"elementor-element elementor-element-8a691cc elementor-widget elementor-widget-text-editor\" data-id=\"8a691cc\" data-element_type=\"widget\" data-widget_type=\"text-editor.default\">\n\t\t\t\t<div class=\"elementor-widget-container\">\n\t\t\t\t\t\t\t<p><span style=\"font-weight: 400;\">La ejecuci\u00f3n de los proyectos tendr\u00e1 una duraci\u00f3n de 18 meses, inici\u00e1ndose a partir de la fecha de adjudicaci\u00f3n formalizada a trav\u00e9s de resoluci\u00f3n exenta, y finalizando con la entrega del informe final de resultados.<\/span><\/p><p><span style=\"font-weight: 400;\">Durante el tiempo de ejecuci\u00f3n la dedicaci\u00f3n al proyecto para cada uno de los los miembros del equipo ser\u00e1 de 4 horas.<\/span><\/p><p><span style=\"font-weight: 400;\">Los equipos docentes de los proyectos adjudicados, como parte de sus responsabilidades y compromisos con la instituci\u00f3n y la mejora continua del proceso de ense\u00f1anza &#8211; aprendizaje, deber\u00e1n participar en instancias institucionales de capacitaci\u00f3n, profundizaci\u00f3n o difusi\u00f3n en tem\u00e1ticas de innovaci\u00f3n.<\/span><\/p>\t\t\t\t\t\t<\/div>\n\t\t\t\t<\/div>\n\t\t\t\t\t<\/div>\n\t\t<\/div>\n\t\t\t\t\t\t\t<\/div>\n\t\t<\/section>\n\t\t\t\t<section class=\"elementor-section elementor-top-section elementor-element elementor-element-9c3c5b3 elementor-section-boxed elementor-section-height-default elementor-section-height-default\" data-id=\"9c3c5b3\" data-element_type=\"section\">\n\t\t\t\t\t\t<div class=\"elementor-container elementor-column-gap-default\">\n\t\t\t\t\t<div class=\"elementor-column elementor-col-100 elementor-top-column elementor-element elementor-element-985cf42\" data-id=\"985cf42\" data-element_type=\"column\">\n\t\t\t<div class=\"elementor-widget-wrap elementor-element-populated\">\n\t\t\t\t\t\t\t\t<div class=\"elementor-element elementor-element-8e936d1 elementor-widget elementor-widget-heading\" data-id=\"8e936d1\" data-element_type=\"widget\" data-widget_type=\"heading.default\">\n\t\t\t\t<div class=\"elementor-widget-container\">\n\t\t\t<h4 class=\"elementor-heading-title elementor-size-default\">OTRAS CONSIDERACIONES<\/h4>\t\t<\/div>\n\t\t\t\t<\/div>\n\t\t\t\t\t<\/div>\n\t\t<\/div>\n\t\t\t\t\t\t\t<\/div>\n\t\t<\/section>\n\t\t\t\t<section class=\"elementor-section elementor-top-section elementor-element elementor-element-574bb88 elementor-section-boxed elementor-section-height-default elementor-section-height-default\" data-id=\"574bb88\" data-element_type=\"section\">\n\t\t\t\t\t\t<div class=\"elementor-container elementor-column-gap-default\">\n\t\t\t\t\t<div class=\"elementor-column elementor-col-100 elementor-top-column elementor-element elementor-element-7c5c3f4\" data-id=\"7c5c3f4\" data-element_type=\"column\">\n\t\t\t<div class=\"elementor-widget-wrap elementor-element-populated\">\n\t\t\t\t\t\t\t\t<div class=\"elementor-element elementor-element-04ddae5 elementor-widget elementor-widget-text-editor\" data-id=\"04ddae5\" data-element_type=\"widget\" data-widget_type=\"text-editor.default\">\n\t\t\t\t<div class=\"elementor-widget-container\">\n\t\t\t\t\t\t\t<p>En caso de que un equipo no logre cumplir con la ejecuci\u00f3n total del proyecto adjudicado, ninguno de los miembros podr\u00e1 volver a postular a un nuevo Proyecto de Desarrollo e Innovaci\u00f3n Docente durante los 3 a\u00f1os siguientes de ocurrido el incumplimiento.<\/p><p>\u00a0<\/p><p>Como regla general, no podr\u00e1 formar parte de un equipo docente aquella persona que haya participado en un proyecto de innovaci\u00f3n docente durante las \u00faltimas tres convocatorias y que haya cerrado con alguna situaci\u00f3n pendiente.<\/p>\t\t\t\t\t\t<\/div>\n\t\t\t\t<\/div>\n\t\t\t\t\t<\/div>\n\t\t<\/div>\n\t\t\t\t\t\t\t<\/div>\n\t\t<\/section>\n\t\t\t\t<section class=\"elementor-section elementor-top-section elementor-element elementor-element-08e3a98 elementor-section-boxed elementor-section-height-default elementor-section-height-default\" data-id=\"08e3a98\" data-element_type=\"section\">\n\t\t\t\t\t\t<div class=\"elementor-container elementor-column-gap-default\">\n\t\t\t\t\t<div class=\"elementor-column elementor-col-100 elementor-top-column elementor-element elementor-element-afa703d\" data-id=\"afa703d\" data-element_type=\"column\">\n\t\t\t<div class=\"elementor-widget-wrap elementor-element-populated\">\n\t\t\t\t\t\t\t\t<div class=\"elementor-element elementor-element-3dc2293 elementor-widget elementor-widget-heading\" data-id=\"3dc2293\" data-element_type=\"widget\" data-widget_type=\"heading.default\">\n\t\t\t\t<div class=\"elementor-widget-container\">\n\t\t\t<h3 class=\"elementor-heading-title elementor-size-default\">VI. FINANCIAMIENTO<\/h3>\t\t<\/div>\n\t\t\t\t<\/div>\n\t\t\t\t<div class=\"elementor-element elementor-element-69fc69f elementor-widget elementor-widget-text-editor\" data-id=\"69fc69f\" data-element_type=\"widget\" data-widget_type=\"text-editor.default\">\n\t\t\t\t<div class=\"elementor-widget-container\">\n\t\t\t\t\t\t\t<ul><li style=\"font-weight: 400;\"><span style=\"font-weight: 400;\">Cada proyecto podr\u00e1 optar al financiamiento para realizar las acciones planificadas para el logro de los objetivos, fondos aportados por la Vicerrector\u00eda de Pregrado. El financiamiento m\u00e1ximo por proyecto ser\u00e1 de $ 1.000.000.-<\/span><\/li><li style=\"font-weight: 400;\"><span style=\"font-weight: 400;\">Todos los gastos ser\u00e1n tramitados previa solicitud del director del proyecto por la <\/span>oficina de gesti\u00f3n financiera de la Vicerrector\u00eda de Pregrado.<\/li><\/ul><ul><li style=\"font-weight: 400;\"><span style=\"font-weight: 400;\">El proyecto en el \u00edtem financiero deber\u00e1 describir en detalle el tipo de gastos, detallando el equipamiento, insumos, recursos humanos u otros a comprometer con estos fondos. Junto con lo anterior, se deber\u00e1 presentar un calendario de gastos que tenga el car\u00e1cter de progresivo y sea consecuente con la implementaci\u00f3n de las actividades comprometidas, indicando a qu\u00e9 actividad contribuye.<\/span><\/li><li style=\"font-weight: 400;\"><span style=\"font-weight: 400;\">El equipo directivo del proyecto tendr\u00e1 la responsabilidad de ejecutar en tiempo y forma los respectivos gastos comprometidos en el \u00edtem financiero del proyecto aprobado. Adem\u00e1s, ser\u00e1 de su responsabilidad llevar un control de gastos.<\/span><\/li><li style=\"font-weight: 400;\"><span style=\"font-weight: 400;\">Podr\u00e1 destinarse presupuesto a todas las acciones planificadas en \u201c\u00cdtems Gastos\u201d, las cuales deber\u00e1n ajustar a los siguientes \u00edtem de gastos y modalidad de compra o contrataci\u00f3n:<\/span><\/li><li style=\"font-weight: 400;\"><span style=\"font-weight: 400;\">Contrataci\u00f3n de recursos humanos: a trav\u00e9s de contrato a honorarios. La solicitud deber\u00e1 contar con el V\u00baB\u00ba del Director de Departamento al cual se encuentra adscrita la asignatura.<\/span><\/li><li style=\"font-weight: 400;\"><span style=\"font-weight: 400;\">Contrataci\u00f3n de estudiantes laborantes: a trav\u00e9s de solicitud de becas laborantes.<\/span><\/li><li style=\"font-weight: 400;\"><span style=\"font-weight: 400;\">Gastos de operaci\u00f3n: a trav\u00e9s de convenio marco compra \u00e1gil, compra directa hasta <\/span>3 UTM o fondo por rendir, licitaciones p\u00fablicas o tratos directo seg\u00fan corresponda.<\/li><\/ul><ul><li style=\"font-weight: 400;\"><span style=\"font-weight: 400;\">Bienes: a trav\u00e9s de convenio marco compra \u00e1gil, compra directa hasta 3 UTM o fondo por rendir, licitaciones p\u00fablicas o tratos directo seg\u00fan corresponda.<\/span><\/li><li style=\"font-weight: 400;\"><span style=\"font-weight: 400;\">Otros: se analizar\u00e1 seg\u00fan corresponda.<\/span><\/li><li style=\"font-weight: 400;\"><span style=\"font-weight: 400;\">La modalidad de compra deber\u00e1 privilegiar en primera instancia la compra por convenio marco, compra \u00e1gil, compra directa hasta 3 UTM \u00f3 fondo por rendir, seguidos de las licitaciones p\u00fablicas, tratos directo, en el mismo orden de preferencia y de acuerdo a la evaluaci\u00f3n y recomendaci\u00f3n final de la oficina de gesti\u00f3n financiera de la Vicerrector\u00eda de Pregrado.<\/span><\/li><\/ul><ul><li>Esta convocatoria de manera excepcional financiar\u00e1 la compra de equipos y complementos computacionales (hardware, software,webcams), justificables acorde la experiencia de innovaci\u00f3n. En caso de adquirir este tipo de equipos el o los \u00edtem no podr\u00e1n ser superior al 60% del presupuesto total del proyecto, los mismos deber\u00e1n ser justificados debidamente en el<\/li><li>Esta convocatoria no financiar\u00e1 la compra de libros<\/li><li>En el caso de la adquisici\u00f3n de alg\u00fan bien inventariable este debe ser asignado al inventario del Departamento o carrera en la que se desarroll\u00f3 la innovaci\u00f3n<\/li><li>Se considerar\u00e1 el pago de apoyos t\u00e9cnicos o asesor\u00edas de expertos del \u00e1rea disciplinaria con experiencia en innovaci\u00f3n o investigaci\u00f3n en docencia universitaria, asesor\u00eda en tecnolog\u00eda educativa en aspectos espec\u00edficos de la ense\u00f1anza, y \/o asesor\u00eda en recolecci\u00f3n y an\u00e1lisis de<\/li><li>Los profesionales que se necesite contratar para una funci\u00f3n espec\u00edfica que requiera el proyecto no podr\u00e1n tener ninguna relaci\u00f3n contractual con la Universidad de La Frontera<\/li><li>La no pertinencia de gastos podr\u00e1 incurrir en el rechazo o solicitud de modificaci\u00f3n del \u00edtem respectivo, lo cual ser\u00e1 evaluado por el equipo coordinador.<\/li><\/ul><ul><li>Como se mencion\u00f3 el proyecto considera las siguientes etapas:<ul><li>Dise\u00f1o<\/li><li>Implementaci\u00f3n<\/li><li>Resultados<\/li><\/ul><\/li><\/ul><p>Desde el punto de vista presupuestario la etapa de dise\u00f1o e implementaci\u00f3n deber\u00e1 llevarse a cabo durante los primeros 12 meses de ejecuci\u00f3n del proyecto (hasta el mes 12) y considerar\u00e1 un gasto presupuestario de hasta el 80% del presupuesto total. El 20% restante podr\u00e1 ser ejecutado del mes 13 al mes 18 en las actividades pertinentes a la etapa de resultados.<\/p>\t\t\t\t\t\t<\/div>\n\t\t\t\t<\/div>\n\t\t\t\t\t<\/div>\n\t\t<\/div>\n\t\t\t\t\t\t\t<\/div>\n\t\t<\/section>\n\t\t\t\t<section class=\"elementor-section elementor-top-section elementor-element elementor-element-15f058b elementor-section-boxed elementor-section-height-default elementor-section-height-default\" data-id=\"15f058b\" data-element_type=\"section\">\n\t\t\t\t\t\t<div class=\"elementor-container elementor-column-gap-default\">\n\t\t\t\t\t<div class=\"elementor-column elementor-col-100 elementor-top-column elementor-element elementor-element-bc23c71\" data-id=\"bc23c71\" data-element_type=\"column\">\n\t\t\t<div class=\"elementor-widget-wrap elementor-element-populated\">\n\t\t\t\t\t\t\t\t<div class=\"elementor-element elementor-element-b34ff83 elementor-widget elementor-widget-heading\" data-id=\"b34ff83\" data-element_type=\"widget\" data-widget_type=\"heading.default\">\n\t\t\t\t<div class=\"elementor-widget-container\">\n\t\t\t<h3 class=\"elementor-heading-title elementor-size-default\">VII.\tL\u00cdNEAS DE DESARROLLO<\/h3>\t\t<\/div>\n\t\t\t\t<\/div>\n\t\t\t\t<div class=\"elementor-element elementor-element-7d8bad0 elementor-widget elementor-widget-heading\" data-id=\"7d8bad0\" data-element_type=\"widget\" data-widget_type=\"heading.default\">\n\t\t\t\t<div class=\"elementor-widget-container\">\n\t\t\t<h4 class=\"elementor-heading-title elementor-size-default\">L\u00ednea 1: Actividades educativas que integran TIC.<\/h4>\t\t<\/div>\n\t\t\t\t<\/div>\n\t\t\t\t<div class=\"elementor-element elementor-element-2b74124 elementor-widget elementor-widget-text-editor\" data-id=\"2b74124\" data-element_type=\"widget\" data-widget_type=\"text-editor.default\">\n\t\t\t\t<div class=\"elementor-widget-container\">\n\t\t\t\t\t\t\t<p>Proyectos dirigidos a mejorar el aprendizaje de los y las estudiantes a trav\u00e9s del dise\u00f1o, implementaci\u00f3n y evaluaci\u00f3n de actividades educativas que integran tecnolog\u00edas acorde a las necesidades de los estudiantes en contextos virtuales o mixtos de aprendizaje.<\/p><p>\u00a0<\/p><h4>Aspectos a considerar:<\/h4><p>\u00a0<\/p><ul><li>Virtualizaci\u00f3n de unidades de contenidos del curso ( actividades asociadas).<\/li><\/ul><ul><li>Desarrollo de estrategias mediadas por tecnolog\u00eda para potenciar la interacci\u00f3n y comunicaci\u00f3n de su asignatura<\/li><\/ul><ul><li>Creaci\u00f3n de objetos virtuales de aprendizaje (recurso y actividad de aprendizaje)<\/li><\/ul><ul><li>Implementaci\u00f3n de flip classroom o aula invertida en unidades del curso<\/li><li>Uso de Recursos Educativos Abiertos para el aprendizaje.<\/li><\/ul>\t\t\t\t\t\t<\/div>\n\t\t\t\t<\/div>\n\t\t\t\t\t<\/div>\n\t\t<\/div>\n\t\t\t\t\t\t\t<\/div>\n\t\t<\/section>\n\t\t\t\t<section class=\"elementor-section elementor-top-section elementor-element elementor-element-abaf326 elementor-section-boxed elementor-section-height-default elementor-section-height-default\" data-id=\"abaf326\" data-element_type=\"section\">\n\t\t\t\t\t\t<div class=\"elementor-container elementor-column-gap-default\">\n\t\t\t\t\t<div class=\"elementor-column elementor-col-100 elementor-top-column elementor-element elementor-element-e0d7a26\" data-id=\"e0d7a26\" data-element_type=\"column\">\n\t\t\t<div class=\"elementor-widget-wrap elementor-element-populated\">\n\t\t\t\t\t\t\t\t<div class=\"elementor-element elementor-element-040e289 elementor-widget elementor-widget-heading\" data-id=\"040e289\" data-element_type=\"widget\" data-widget_type=\"heading.default\">\n\t\t\t\t<div class=\"elementor-widget-container\">\n\t\t\t<h4 class=\"elementor-heading-title elementor-size-default\">L\u00ednea 2: Experiencias de integraci\u00f3n de tecnolog\u00eda en actividades pr\u00e1cticas (laboratorios, actividades en contexto simulado o real).<\/h4>\t\t<\/div>\n\t\t\t\t<\/div>\n\t\t\t\t\t<\/div>\n\t\t<\/div>\n\t\t\t\t\t\t\t<\/div>\n\t\t<\/section>\n\t\t\t\t<section class=\"elementor-section elementor-top-section elementor-element elementor-element-6eea511 elementor-section-boxed elementor-section-height-default elementor-section-height-default\" data-id=\"6eea511\" data-element_type=\"section\">\n\t\t\t\t\t\t<div class=\"elementor-container elementor-column-gap-default\">\n\t\t\t\t\t<div class=\"elementor-column elementor-col-100 elementor-top-column elementor-element elementor-element-21428a9\" data-id=\"21428a9\" data-element_type=\"column\">\n\t\t\t<div class=\"elementor-widget-wrap elementor-element-populated\">\n\t\t\t\t\t\t\t\t<div class=\"elementor-element elementor-element-50d290a elementor-widget elementor-widget-text-editor\" data-id=\"50d290a\" data-element_type=\"widget\" data-widget_type=\"text-editor.default\">\n\t\t\t\t<div class=\"elementor-widget-container\">\n\t\t\t\t\t\t\t<p>Equipos Docentes que dise\u00f1en, implementen y eval\u00faen la integraci\u00f3n de tecnolog\u00eda en actividades pr\u00e1cticas (laboratorios, actividades en contexto simulado o real) seg\u00fan las caracter\u00edsticas de la disciplina y las habilidades a desarrollar en los estudiantes.<\/p>\n<p><\/p>\n<h4>Aspectos a considerar:<\/h4>\n<p><strong>&nbsp;<\/strong><\/p>\n<ul>\n<li>Incorporaci\u00f3n de&nbsp;&nbsp; software&nbsp; o&nbsp;&nbsp; hardware&nbsp; espec\u00edficos&nbsp; para&nbsp; representaci\u00f3n experimental de situaciones de aprendizaje.<\/li><\/ul>\n<p><\/p>\n<ul>\n<li>Uso adaptado de laboratorios presenciales a docencia virtual.<\/li>\n<\/ul>\n<ul>\n<li>Integraci\u00f3n de herramientas did\u00e1cticas virtuales para simular situaciones reales en un entorno controlado.<\/li>\n<\/ul>\n<ul>\n<li>Herramientas tecnol\u00f3gicas para resaltar la comunicaci\u00f3n entre grupos como parte fundamental del trabajo cooperativo en actividades de experimentaci\u00f3n (trabajo con datos).<\/li>\n<\/ul>\n<ul>\n<li>Incorporaci\u00f3n de herramientas y estrategias que faciliten la interacci\u00f3n y el seguimiento entre docentes y estudiantes en actividades pr\u00e1cticas.<\/li>\n<\/ul>\n<ul>\n<li>Exploraci\u00f3n de uso de cuadernos de laboratorio electr\u00f3nicos (ELN).<\/li>\n<\/ul>\t\t\t\t\t\t<\/div>\n\t\t\t\t<\/div>\n\t\t\t\t\t<\/div>\n\t\t<\/div>\n\t\t\t\t\t\t\t<\/div>\n\t\t<\/section>\n\t\t\t\t<section class=\"elementor-section elementor-top-section elementor-element elementor-element-2a6c91c elementor-section-boxed elementor-section-height-default elementor-section-height-default\" data-id=\"2a6c91c\" data-element_type=\"section\">\n\t\t\t\t\t\t<div class=\"elementor-container elementor-column-gap-default\">\n\t\t\t\t\t<div class=\"elementor-column elementor-col-100 elementor-top-column elementor-element elementor-element-8e35c7e\" data-id=\"8e35c7e\" data-element_type=\"column\">\n\t\t\t<div class=\"elementor-widget-wrap elementor-element-populated\">\n\t\t\t\t\t\t\t\t<div class=\"elementor-element elementor-element-65e59b8 elementor-widget elementor-widget-heading\" data-id=\"65e59b8\" data-element_type=\"widget\" data-widget_type=\"heading.default\">\n\t\t\t\t<div class=\"elementor-widget-container\">\n\t\t\t<h4 class=\"elementor-heading-title elementor-size-default\">L\u00ednea 3: Experiencias de aprendizaje activo de los estudiantes como COIL, Aula Invertida y Aprendizaje Servicio con uso de recursos digitales<\/h4>\t\t<\/div>\n\t\t\t\t<\/div>\n\t\t\t\t\t<\/div>\n\t\t<\/div>\n\t\t\t\t\t\t\t<\/div>\n\t\t<\/section>\n\t\t\t\t<section class=\"elementor-section elementor-top-section elementor-element elementor-element-c387985 elementor-section-boxed elementor-section-height-default elementor-section-height-default\" data-id=\"c387985\" data-element_type=\"section\">\n\t\t\t\t\t\t<div class=\"elementor-container elementor-column-gap-default\">\n\t\t\t\t\t<div class=\"elementor-column elementor-col-100 elementor-top-column elementor-element elementor-element-3e24393\" data-id=\"3e24393\" data-element_type=\"column\">\n\t\t\t<div class=\"elementor-widget-wrap elementor-element-populated\">\n\t\t\t\t\t\t\t\t<div class=\"elementor-element elementor-element-6dba2f2 elementor-widget elementor-widget-text-editor\" data-id=\"6dba2f2\" data-element_type=\"widget\" data-widget_type=\"text-editor.default\">\n\t\t\t\t<div class=\"elementor-widget-container\">\n\t\t\t\t\t\t\t<div class=\"page\" title=\"Page 8\"><div class=\"layoutArea\"><div class=\"column\"><p>Grupos de trabajo que disen\u0303en, implementen y evalu\u0301en experiencias de aprendizaje innovadoras vinculadas con retos sociales, sostenibilidad o interculturalidad, integrando tecnologi\u0301as para su desarrollo en contextos remotos, presenciales o hi\u0301bridos de aprendizaje<\/p><\/div><\/div><\/div><h4>Tem\u00e1ticas a considerar:<\/h4><p><strong>\u00a0<\/strong><\/p><ul><li>Implementaci\u00f3n y evaluaci\u00f3n de experiencias de Aprendizaje y Servicio.<\/li><li>Implementacio\u0301n y evaluacio\u0301n de experiencias de Aprendizaje con Aula Invertida<\/li><li>Implementaci\u00f3n y evaluaci\u00f3n de experiencias Collaborative Online International Learning (COIL).<\/li><\/ul>\t\t\t\t\t\t<\/div>\n\t\t\t\t<\/div>\n\t\t\t\t\t<\/div>\n\t\t<\/div>\n\t\t\t\t\t\t\t<\/div>\n\t\t<\/section>\n\t\t\t\t<section class=\"elementor-section elementor-top-section elementor-element elementor-element-6443926 elementor-section-boxed elementor-section-height-default elementor-section-height-default\" data-id=\"6443926\" data-element_type=\"section\">\n\t\t\t\t\t\t<div class=\"elementor-container elementor-column-gap-default\">\n\t\t\t\t\t<div class=\"elementor-column elementor-col-100 elementor-top-column elementor-element elementor-element-2830fc4\" data-id=\"2830fc4\" data-element_type=\"column\">\n\t\t\t<div class=\"elementor-widget-wrap elementor-element-populated\">\n\t\t\t\t\t\t\t\t<div class=\"elementor-element elementor-element-56e7383 elementor-widget elementor-widget-heading\" data-id=\"56e7383\" data-element_type=\"widget\" data-widget_type=\"heading.default\">\n\t\t\t\t<div class=\"elementor-widget-container\">\n\t\t\t<h3 class=\"elementor-heading-title elementor-size-default\">VIII.\tPOSTULACI\u00d3N<\/h3>\t\t<\/div>\n\t\t\t\t<\/div>\n\t\t\t\t\t<\/div>\n\t\t<\/div>\n\t\t\t\t\t\t\t<\/div>\n\t\t<\/section>\n\t\t\t\t<section class=\"elementor-section elementor-top-section elementor-element elementor-element-8781ebf elementor-section-boxed elementor-section-height-default elementor-section-height-default\" data-id=\"8781ebf\" data-element_type=\"section\">\n\t\t\t\t\t\t<div class=\"elementor-container elementor-column-gap-default\">\n\t\t\t\t\t<div class=\"elementor-column elementor-col-100 elementor-top-column elementor-element elementor-element-0b8f73b\" data-id=\"0b8f73b\" data-element_type=\"column\">\n\t\t\t<div class=\"elementor-widget-wrap elementor-element-populated\">\n\t\t\t\t\t\t\t\t<div class=\"elementor-element elementor-element-c51fb89 elementor-widget elementor-widget-text-editor\" data-id=\"c51fb89\" data-element_type=\"widget\" data-widget_type=\"text-editor.default\">\n\t\t\t\t<div class=\"elementor-widget-container\">\n\t\t\t\t\t\t\t<p>Periodo de Postulaci\u00f3n: <strong>30 de agosto al 16 de septiembre de 2021<\/strong><\/p><ul><li>Completar formulario de postulaci\u00f3n en <a href=\"http:\/\/intranet.ufro.cl\">intranet.ufro.cl<\/a> Investigador opci\u00f3n Crear Proyecto.<\/li><\/ul><ul><li>Adjuntar Carta firmada por el Director de Carrera y\/o Departamento apoyando la iniciativa por el aporte a la docencia en las unidades acad\u00e9micas. (Adjuntar en la postulaci\u00f3n)<\/li><\/ul>\t\t\t\t\t\t<\/div>\n\t\t\t\t<\/div>\n\t\t\t\t\t<\/div>\n\t\t<\/div>\n\t\t\t\t\t\t\t<\/div>\n\t\t<\/section>\n\t\t\t\t<section class=\"elementor-section elementor-top-section elementor-element elementor-element-accce2c elementor-section-boxed elementor-section-height-default elementor-section-height-default\" data-id=\"accce2c\" data-element_type=\"section\">\n\t\t\t\t\t\t<div class=\"elementor-container elementor-column-gap-default\">\n\t\t\t\t\t<div class=\"elementor-column elementor-col-100 elementor-top-column elementor-element elementor-element-a9177f8\" data-id=\"a9177f8\" data-element_type=\"column\">\n\t\t\t<div class=\"elementor-widget-wrap elementor-element-populated\">\n\t\t\t\t\t\t\t\t<div class=\"elementor-element elementor-element-ac2d4f5 elementor-widget elementor-widget-heading\" data-id=\"ac2d4f5\" data-element_type=\"widget\" data-widget_type=\"heading.default\">\n\t\t\t\t<div class=\"elementor-widget-container\">\n\t\t\t<h3 class=\"elementor-heading-title elementor-size-default\">IX.- RESPECTO AL PLANTEAMIENTO DE LOS PROYECTOS DE INNOVACI\u00d3N:<\/h3>\t\t<\/div>\n\t\t\t\t<\/div>\n\t\t\t\t<div class=\"elementor-element elementor-element-aea3c35 elementor-widget elementor-widget-text-editor\" data-id=\"aea3c35\" data-element_type=\"widget\" data-widget_type=\"text-editor.default\">\n\t\t\t\t<div class=\"elementor-widget-container\">\n\t\t\t\t\t\t\t<p>Las iniciativas presentadas deben considerar en su formulaci\u00f3n, los siguientes aspectos claves para la evaluaci\u00f3n de las iniciativas. Todos ellos deben estar expuestos en el formulario de postulaci\u00f3n.<\/p><ul><li><strong>Justificaci\u00f3n del Proyecto: <\/strong>Descripci\u00f3n del problema que justifica la necesidad del proyecto como respuesta a una dificultad, deficiencia, necesidad de de desarrollo de alguna competencia o mejora al proceso de ense\u00f1anza-aprendizaje.<\/li><\/ul><ul><li><strong>Objetivo (s) del Proyecto : <\/strong>Que guiar\u00e1n las acciones a desarrollar en esta experiencia de innovaci\u00f3n, siempre orientada a como esta mejorar\u00eda el aprendizaje de los estudiantes en un \u00e1rea disciplinaria o actividad curricular.<\/li><\/ul><ul><li><strong>Propuesta de Innovaci\u00f3n y Plan de Trabajo: <\/strong>Descripci\u00f3n general de la propuesta (y plan de trabajo que indique las etapas de desarrollo para el logro de el o los objetivos El Plan de Trabajo debe considerar acciones a nivel de:<ul><li><strong style=\"color: var( --e-global-color-text ); font-family: var( --e-global-typography-text-font-family ), arial; letter-spacing: 0px;\">Dise\u00f1o: <\/strong><span style=\"color: var( --e-global-color-text ); font-family: var( --e-global-typography-text-font-family ), arial; font-weight: var( --e-global-typography-text-font-weight ); letter-spacing: 0px;\">Evidenciar cierto conocimiento en el \u00e1mbito en que se realizar\u00e1 la innovaci\u00f3n, para ello se debe aportar referencias bibliogr\u00e1ficas actualizadas de innovaciones o investigaci\u00f3n que sustenten la propuesta.<\/span><\/li><\/ul><\/li><\/ul><ul><li style=\"list-style-type: none;\"><ul><li><strong style=\"color: var( --e-global-color-text ); font-family: var( --e-global-typography-text-font-family ), arial; letter-spacing: 0px;\">Implementaci\u00f3n: <\/strong><span style=\"color: var( --e-global-color-text ); font-family: var( --e-global-typography-text-font-family ), arial; font-weight: var( --e-global-typography-text-font-weight ); letter-spacing: 0px;\">metodolog\u00eda de trabajo, recursos y tiempos de desarrollo.<\/span><\/li><\/ul><\/li><\/ul><ul><li style=\"list-style-type: none;\"><ul><li><strong style=\"color: var( --e-global-color-text ); font-family: var( --e-global-typography-text-font-family ), arial; letter-spacing: 0px;\">Evaluaci\u00f3n de la propuesta: <\/strong><span style=\"color: var( --e-global-color-text ); font-family: var( --e-global-typography-text-font-family ), arial; font-weight: var( --e-global-typography-text-font-weight ); letter-spacing: 0px;\">Dise\u00f1ar las acciones que permitir\u00e1n obtener los datos con los cuales sostener las conclusiones; identificar indicadores que permitir\u00e1n valorar el resultado de la propuestas e instrumento que se utilizar\u00e1. Se sugiere considerar entre ellos el grado de satisfacci\u00f3n de los estudiantes que participan en el proyecto.<\/span><\/li><li><strong style=\"color: var( --e-global-color-text ); font-family: var( --e-global-typography-text-font-family ), arial; letter-spacing: 0px;\">Cronograma de ejecuci\u00f3n del proyecto: <\/strong><span style=\"color: var( --e-global-color-text ); font-family: var( --e-global-typography-text-font-family ), arial; font-weight: var( --e-global-typography-text-font-weight ); letter-spacing: 0px;\">Considerar los 18 meses de ejecuci\u00f3n<\/span><\/li><li><strong style=\"color: var( --e-global-color-text ); font-family: var( --e-global-typography-text-font-family ), arial; letter-spacing: 0px;\">Recursos Solicitados: <\/strong><span style=\"color: var( --e-global-color-text ); font-family: var( --e-global-typography-text-font-family ), arial; font-weight: var( --e-global-typography-text-font-weight ); letter-spacing: 0px;\">Ajustarse a indicaciones indicadas en las Bases<\/span><\/li><\/ul><\/li><\/ul>\t\t\t\t\t\t<\/div>\n\t\t\t\t<\/div>\n\t\t\t\t\t<\/div>\n\t\t<\/div>\n\t\t\t\t\t\t\t<\/div>\n\t\t<\/section>\n\t\t\t\t<section class=\"elementor-section elementor-top-section elementor-element elementor-element-bddde59 elementor-section-boxed elementor-section-height-default elementor-section-height-default\" data-id=\"bddde59\" data-element_type=\"section\">\n\t\t\t\t\t\t<div class=\"elementor-container elementor-column-gap-default\">\n\t\t\t\t\t<div class=\"elementor-column elementor-col-100 elementor-top-column elementor-element elementor-element-6dcbbe2\" data-id=\"6dcbbe2\" data-element_type=\"column\">\n\t\t\t<div class=\"elementor-widget-wrap elementor-element-populated\">\n\t\t\t\t\t\t\t\t<div class=\"elementor-element elementor-element-d40cb4f elementor-widget elementor-widget-heading\" data-id=\"d40cb4f\" data-element_type=\"widget\" data-widget_type=\"heading.default\">\n\t\t\t\t<div class=\"elementor-widget-container\">\n\t\t\t<h3 class=\"elementor-heading-title elementor-size-default\">X.\tELEGIBILIDAD Y EVALUACI\u00d3N DE LOS PROYECTOS.<\/h3>\t\t<\/div>\n\t\t\t\t<\/div>\n\t\t\t\t\t<\/div>\n\t\t<\/div>\n\t\t\t\t\t\t\t<\/div>\n\t\t<\/section>\n\t\t\t\t<section class=\"elementor-section elementor-top-section elementor-element elementor-element-f66bb89 elementor-section-boxed elementor-section-height-default elementor-section-height-default\" data-id=\"f66bb89\" data-element_type=\"section\">\n\t\t\t\t\t\t<div class=\"elementor-container elementor-column-gap-default\">\n\t\t\t\t\t<div class=\"elementor-column elementor-col-100 elementor-top-column elementor-element elementor-element-6495a88\" data-id=\"6495a88\" data-element_type=\"column\">\n\t\t\t<div class=\"elementor-widget-wrap elementor-element-populated\">\n\t\t\t\t\t\t\t\t<div class=\"elementor-element elementor-element-8f926a3 elementor-widget elementor-widget-text-editor\" data-id=\"8f926a3\" data-element_type=\"widget\" data-widget_type=\"text-editor.default\">\n\t\t\t\t<div class=\"elementor-widget-container\">\n\t\t\t\t\t\t\t<h4>Elegibilidad<\/h4>\n<p>Solo ser\u00e1n elegibles:<\/p>\n<ul>\n<li>Postulaciones presentadas en el formulario disponible en intranet.ufro.cl\/ investigador opci\u00f3n \u201cCrear proyectos\u201d.<\/li>\n<\/ul>\n<ul>\n<li>Propuestas que presentan la informaci\u00f3n solicitada de manera completa.<\/li>\n<\/ul>\n<ul>\n<li>Que se ajuste a una o m\u00e1s L\u00edneas de Desarrollo<\/li>\n<\/ul>\n<h4>Criterios de Evaluaci\u00f3n de proyectos<\/h4>\n<p>La comisi\u00f3n aplicar\u00e1 los siguientes criterios de evaluaci\u00f3n :<\/p>\n<p><\/p>\t\t\t\t\t\t<\/div>\n\t\t\t\t<\/div>\n\t\t\t\t\t<\/div>\n\t\t<\/div>\n\t\t\t\t\t\t\t<\/div>\n\t\t<\/section>\n\t\t\t\t<section class=\"elementor-section elementor-top-section elementor-element elementor-element-cda37a3 elementor-section-boxed elementor-section-height-default elementor-section-height-default\" data-id=\"cda37a3\" data-element_type=\"section\">\n\t\t\t\t\t\t<div class=\"elementor-container elementor-column-gap-default\">\n\t\t\t\t\t<div class=\"elementor-column elementor-col-100 elementor-top-column elementor-element elementor-element-d318e3e\" data-id=\"d318e3e\" data-element_type=\"column\">\n\t\t\t<div class=\"elementor-widget-wrap elementor-element-populated\">\n\t\t\t\t\t\t\t\t<div class=\"elementor-element elementor-element-cad1f9a elementor-widget elementor-widget-heading\" data-id=\"cad1f9a\" data-element_type=\"widget\" data-widget_type=\"heading.default\">\n\t\t\t\t<div class=\"elementor-widget-container\">\n\t\t\t<h3 class=\"elementor-heading-title elementor-size-default\">XI.\tCOMIT\u00c9 DE EVALUACI\u00d3N<\/h3>\t\t<\/div>\n\t\t\t\t<\/div>\n\t\t\t\t\t<\/div>\n\t\t<\/div>\n\t\t\t\t\t\t\t<\/div>\n\t\t<\/section>\n\t\t\t\t<section class=\"elementor-section elementor-top-section elementor-element elementor-element-e921a9e elementor-section-boxed elementor-section-height-default elementor-section-height-default\" data-id=\"e921a9e\" data-element_type=\"section\">\n\t\t\t\t\t\t<div class=\"elementor-container elementor-column-gap-default\">\n\t\t\t\t\t<div class=\"elementor-column elementor-col-100 elementor-top-column elementor-element elementor-element-24aa860\" data-id=\"24aa860\" data-element_type=\"column\">\n\t\t\t<div class=\"elementor-widget-wrap elementor-element-populated\">\n\t\t\t\t\t\t\t\t<div class=\"elementor-element elementor-element-3e41a9e elementor-widget elementor-widget-text-editor\" data-id=\"3e41a9e\" data-element_type=\"widget\" data-widget_type=\"text-editor.default\">\n\t\t\t\t<div class=\"elementor-widget-container\">\n\t\t\t\t\t\t\t<p>Los proyectos que se presenten ser\u00e1n evaluados \u201ca ciegas\u201d por una Comisi\u00f3n basados en una Pauta de Evaluaci\u00f3n indicada en el punto IX.<\/p><p>La Comisi\u00f3n de Evaluaci\u00f3n de Proyectos de Desarrollo e Innovaci\u00f3n Docente en el Pregrado estar\u00e1 integrada por:<\/p><p>\u00a0 \u00a0 \u00a0a) Directora de Desarrollo Curricular y Docente<\/p><p>\u00a0 \u00a0 \u00a0b) Asesores del Equipo de Desarrollo Docente e Innovaci\u00f3n Metodol\u00f3gica<\/p><p>\u00a0 \u00a0 \u00a0c) Director\/a de Pregrado (o representante) de la Facultad en que se implementa el Proyecto de Innovaci\u00f3n.<\/p><p>Cada proyecto en postulaci\u00f3n ser\u00e1 evaluado por tres miembros de la comisi\u00f3n. Ser\u00e1n seleccionados para ejecuci\u00f3n aquellos de mayor puntaje por Facultad. Si una facultad no completa los cupos asignados se ceden al postulante con m\u00e1s alto puntaje en espera.<\/p><ul><li><span style=\"color: inherit; font-family: -apple-system, BlinkMacSystemFont, 'Segoe UI', Roboto, Oxygen-Sans, Ubuntu, Cantarell, 'Helvetica Neue', sans-serif; font-weight: bold; letter-spacing: -0.02em;\">Facultad de Ciencias :\u00a0<\/span><span style=\"color: inherit; font-family: -apple-system, BlinkMacSystemFont, 'Segoe UI', Roboto, Oxygen-Sans, Ubuntu, Cantarell, 'Helvetica Neue', sans-serif; letter-spacing: -0.02em; font-weight: normal;\">2 proyectos\u00a0<\/span><strong>Agropecuarias y Forestales<\/strong><\/li><li><strong>Facultad de Ciencias:<\/strong>\u00a0<span style=\"font-weight: normal;\">2 proyectos\u00a0<\/span><strong>Jur\u00eddicas y Empresariales<\/strong><\/li><li><b>Facultad de Educaci\u00f3n:<\/b> 3 proyectos\u00a0<b>\u00a0Ciencias Sociales y Humanidades<\/b><\/li><li><strong>Facultad de Ingenier\u00eda y Ciencias: <\/strong><span style=\"font-weight: normal;\">3 proyectos<\/span><\/li><li><strong>Facultad de Medicina: <\/strong><span style=\"font-weight: normal;\">3 proyectos<\/span><\/li><li><strong>Facultad de Odontolog\u00eda: <\/strong><span style=\"font-weight: normal;\">2 proyectos<\/span><\/li><\/ul>\t\t\t\t\t\t<\/div>\n\t\t\t\t<\/div>\n\t\t\t\t\t<\/div>\n\t\t<\/div>\n\t\t\t\t\t\t\t<\/div>\n\t\t<\/section>\n\t\t\t\t<section class=\"elementor-section elementor-top-section elementor-element elementor-element-09fc942 elementor-section-boxed elementor-section-height-default elementor-section-height-default\" data-id=\"09fc942\" data-element_type=\"section\">\n\t\t\t\t\t\t<div class=\"elementor-container elementor-column-gap-default\">\n\t\t\t\t\t<div class=\"elementor-column elementor-col-100 elementor-top-column elementor-element elementor-element-e91ce5b\" data-id=\"e91ce5b\" data-element_type=\"column\">\n\t\t\t<div class=\"elementor-widget-wrap elementor-element-populated\">\n\t\t\t\t\t\t\t\t<div class=\"elementor-element elementor-element-fc4b5c3 elementor-widget elementor-widget-heading\" data-id=\"fc4b5c3\" data-element_type=\"widget\" data-widget_type=\"heading.default\">\n\t\t\t\t<div class=\"elementor-widget-container\">\n\t\t\t<h3 class=\"elementor-heading-title elementor-size-default\">XII.\tCRONOGRAMA CONVOCATORIA 2021<\/h3>\t\t<\/div>\n\t\t\t\t<\/div>\n\t\t\t\t\t<\/div>\n\t\t<\/div>\n\t\t\t\t\t\t\t<\/div>\n\t\t<\/section>\n\t\t\t\t<section class=\"elementor-section elementor-top-section elementor-element elementor-element-2b1d8c5 elementor-section-boxed elementor-section-height-default elementor-section-height-default\" data-id=\"2b1d8c5\" data-element_type=\"section\">\n\t\t\t\t\t\t<div class=\"elementor-container elementor-column-gap-default\">\n\t\t\t\t\t<div class=\"elementor-column elementor-col-100 elementor-top-column elementor-element elementor-element-00b015d\" data-id=\"00b015d\" data-element_type=\"column\">\n\t\t\t<div class=\"elementor-widget-wrap\">\n\t\t\t\t\t\t\t\t\t<\/div>\n\t\t<\/div>\n\t\t\t\t\t\t\t<\/div>\n\t\t<\/section>\n\t\t\t\t<section class=\"elementor-section elementor-top-section elementor-element elementor-element-28434e7 elementor-section-boxed elementor-section-height-default elementor-section-height-default\" data-id=\"28434e7\" data-element_type=\"section\">\n\t\t\t\t\t\t<div class=\"elementor-container elementor-column-gap-default\">\n\t\t\t\t\t<div class=\"elementor-column elementor-col-100 elementor-top-column elementor-element elementor-element-be264bc\" data-id=\"be264bc\" data-element_type=\"column\">\n\t\t\t<div class=\"elementor-widget-wrap elementor-element-populated\">\n\t\t\t\t\t\t\t\t<div class=\"elementor-element elementor-element-198d991 elementor-widget elementor-widget-heading\" data-id=\"198d991\" data-element_type=\"widget\" data-widget_type=\"heading.default\">\n\t\t\t\t<div class=\"elementor-widget-container\">\n\t\t\t<h3 class=\"elementor-heading-title elementor-size-default\">XIII.\tSEGUIMIENTO Y CIERRE DE LOS PROYECTOS<\/h3>\t\t<\/div>\n\t\t\t\t<\/div>\n\t\t\t\t\t<\/div>\n\t\t<\/div>\n\t\t\t\t\t\t\t<\/div>\n\t\t<\/section>\n\t\t\t\t<section class=\"elementor-section elementor-top-section elementor-element elementor-element-9a8d6c0 elementor-section-boxed elementor-section-height-default elementor-section-height-default\" data-id=\"9a8d6c0\" data-element_type=\"section\">\n\t\t\t\t\t\t<div class=\"elementor-container elementor-column-gap-default\">\n\t\t\t\t\t<div class=\"elementor-column elementor-col-100 elementor-top-column elementor-element elementor-element-c62b0f3\" data-id=\"c62b0f3\" data-element_type=\"column\">\n\t\t\t<div class=\"elementor-widget-wrap elementor-element-populated\">\n\t\t\t\t\t\t\t\t<div class=\"elementor-element elementor-element-c4336f3 elementor-widget elementor-widget-text-editor\" data-id=\"c4336f3\" data-element_type=\"widget\" data-widget_type=\"text-editor.default\">\n\t\t\t\t<div class=\"elementor-widget-container\">\n\t\t\t\t\t\t\t<ol><li>La Coordinacio\u0301n de Desarrollo Docente sera\u0301 la encargada de facilitar el desarrollo del proyecto.<\/li><\/ol><ol start=\"2\"><li>En los aspectos financieros todas la consultas y apoyos sera\u0301n gestionados por la unidad de gestio\u0301n financiera de la VIPRE dirigidas a mail proyectos.pregrado@ufrontera.cl<\/li><\/ol><ol start=\"3\"><li>El Director o Directora del proyecto debera\u0301 velar por el buen funcionamiento del equipo de trabajo para una adecuada ejecucio\u0301n, distribuyendo responsabilidades en cada una de las acciones, actividades comprometidas, dando tiempo y relevancia al ana\u0301lisis de los resultados alcanzados. En este sentido, las altas y bajas de miembros del equipo durante el transcurso del desarrollo del proyecto, debera\u0301n ser informadas por escrito a la Directora de Desarrollo Curricular y Docente, debiendo estar debidamente justificadas.<\/li><\/ol><ol start=\"4\"><li>El director o directora (subrogante o miembro del equipo en quien delegue) sera\u0301 responsable de asistir a las reuniones de seguimiento y comunicar en la forma que se le requiera el desarrollo del proyecto a lo largo del mismo.<\/li><\/ol><ol start=\"5\"><li>Al finalizar el proyecto, se debera\u0301 hacer entrega de un informe final de resultados acorde a formato.<\/li><\/ol>\t\t\t\t\t\t<\/div>\n\t\t\t\t<\/div>\n\t\t\t\t\t<\/div>\n\t\t<\/div>\n\t\t\t\t\t\t\t<\/div>\n\t\t<\/section>\n\t\t\t\t<section class=\"elementor-section elementor-top-section elementor-element elementor-element-866ca50 elementor-section-boxed elementor-section-height-default elementor-section-height-default\" data-id=\"866ca50\" data-element_type=\"section\">\n\t\t\t\t\t\t<div class=\"elementor-container elementor-column-gap-default\">\n\t\t\t\t\t<div class=\"elementor-column elementor-col-100 elementor-top-column elementor-element elementor-element-bea4ae7\" data-id=\"bea4ae7\" data-element_type=\"column\">\n\t\t\t<div class=\"elementor-widget-wrap elementor-element-populated\">\n\t\t\t\t\t\t\t\t<div class=\"elementor-element elementor-element-0638745 elementor-widget elementor-widget-heading\" data-id=\"0638745\" data-element_type=\"widget\" data-widget_type=\"heading.default\">\n\t\t\t\t<div class=\"elementor-widget-container\">\n\t\t\t<h3 class=\"elementor-heading-title elementor-size-default\">XIV.- PUBLICACI\u00d3N DE RESULTADOS<\/h3>\t\t<\/div>\n\t\t\t\t<\/div>\n\t\t\t\t<div class=\"elementor-element elementor-element-c3e377f elementor-widget elementor-widget-text-editor\" data-id=\"c3e377f\" data-element_type=\"widget\" data-widget_type=\"text-editor.default\">\n\t\t\t\t<div class=\"elementor-widget-container\">\n\t\t\t\t\t\t\t<p>Se garantizar\u00e1 una adecuada informaci\u00f3n de los proyectos que se adjudican fondos en esta convocatoria utilizando al menos los siguientes procedimientos:<\/p><p>\u00a0<\/p><ul><li>Publicaci\u00f3n en la web institucional y de la Vicerrector\u00eda de Pregrado.<\/li><\/ul><ul><li>Correo electr\u00f3nico con los resultados dirigido a cada uno de los miembros de los equipos docentes postulantes.<\/li><\/ul><ul><li>Publicaci\u00f3n de resultados de la convocatoria a trav\u00e9s del portal\u00a0<a style=\"font-family: var( --e-global-typography-text-font-family ), arial; font-weight: var( --e-global-typography-text-font-weight ); background-color: #ffffff; letter-spacing: 0px;\" href=\"http:\/\/docenciavirtual.ufro.cl\/\"><strong>docenciavirtual.ufro.cl<\/strong><\/a><\/li><\/ul><p><strong>\u00a0<\/strong><\/p>\t\t\t\t\t\t<\/div>\n\t\t\t\t<\/div>\n\t\t\t\t\t<\/div>\n\t\t<\/div>\n\t\t\t\t\t\t\t<\/div>\n\t\t<\/section>\n\t\t\t\t\t\t\t<\/div>\n\t\t","protected":false},"excerpt":{"rendered":"<p>Este 2021 la educaci\u00f3n superior ha debido implementar cambios importantes y realizar acciones para dar sostenibilidad a un proceso formativo que repentinamente se vio alterado el a\u00f1o 2020 por la presencia del Covid-19. No era previsible una docencia remota o virtual de emergencia durante todo el a\u00f1o, menos a\u00fan, que durante la implementaci\u00f3nde \u00e9sta tendr\u00edamos&hellip;<\/p>\n","protected":false},"author":112,"featured_media":0,"parent":0,"menu_order":0,"comment_status":"closed","ping_status":"closed","template":"","meta":{"footnotes":""},"pwapp_after_post_content":"","pwapp_before_post_content":"","androapp_header":"","pwapp_author":{"ID":112,"name":"arielaravenaq","slug":"arielaravenaq"},"pwapp_terms":[],"pwapp_feed_image_dimension_type":"preview","pwapp_post_image":"https:\/\/docenciavirtual.ufro.cl\/wp-content\/uploads\/2021\/08\/Banner-Dircom_proyectosinnovacion.jpg","share_image":"https:\/\/docenciavirtual.ufro.cl\/wp-content\/uploads\/2021\/08\/Banner-Dircom_proyectosinnovacion.jpg","featured_image_showhide":"show","pwapp_excerpt":"<p>Este 2021 la educaci\u00f3n superior ha debido implementar cambios importantes y realizar acciones para dar sostenibilidad a un proceso formativo que repentinamente se vio alterado el a\u00f1o 2020 por la presencia del Covid-19. No era previsible una docencia remota o virtual de emergencia durante todo el a\u00f1o, menos a\u00fan, que durante la implementaci\u00f3nde \u00e9sta tendr\u00edamos&hellip;<\/p>\n","pwapp_title":"Fondo Concursable Proyectos de Desarrollo e Innovaci\u00f3n Docente 2021","androapp_image_list":[{"src":"https:\/\/docenciavirtual.ufro.cl\/wp-content\/uploads\/2021\/08\/Banner-Dircom_proyectosinnovacion.jpg","height":200},{"src":"https:\/\/docenciavirtual.ufro.cl\/wp-content\/uploads\/2021\/08\/Proyectos-de-innovacion2021_060821_Pagina_01-724x1024.jpg","height":200}],"pwapp_post_content":"<style type=\"text\/css\">androapp img{\r\n    max-width: 100%;\r\n    height: auto;\r\n}\r\niframe{\r\n    max-width: 100%;    \r\n}\r\nfigure {\r\n    max-width: 100%;\r\n    height: auto;\r\n}\r\nimg{\r\n    max-width: 100% !important;\r\n    height: auto;\r\n}\r\ndiv {\r\n    max-width: 100% !important;\r\n}\r\nspan {\r\n    max-width:100%;\r\n    overflow: auto;\r\n}\r\naudio {\r\n    display:block;\r\n    visibility:visible !important;\r\n}\r\nvideo{\r\n    width:100%;\r\n    height:auto;\r\n}\r\n<\/style><div class='androapp'>\t\t<div data-elementor-type=\"wp-page\" data-elementor-id=\"4672\" class=\"elementor elementor-4672\">\n\t\t\t\t\t\t\t\t\t<section class=\"elementor-section elementor-top-section elementor-element elementor-element-47c3379 elementor-section-boxed elementor-section-height-default elementor-section-height-default\" data-id=\"47c3379\" data-element_type=\"section\">\n\t\t\t\t\t\t<div class=\"elementor-container elementor-column-gap-default\">\n\t\t\t\t\t<div class=\"elementor-column elementor-col-100 elementor-top-column elementor-element elementor-element-096bc30\" data-id=\"096bc30\" data-element_type=\"column\">\n\t\t\t<div class=\"elementor-widget-wrap\">\n\t\t\t\t\t\t\t\t\t<\/div>\n\t\t<\/div>\n\t\t\t\t\t\t\t<\/div>\n\t\t<\/section>\n\t\t\t\t<section class=\"elementor-section elementor-top-section elementor-element elementor-element-ef72092 elementor-section-boxed elementor-section-height-default elementor-section-height-default\" data-id=\"ef72092\" data-element_type=\"section\">\n\t\t\t\t\t\t<div class=\"elementor-container elementor-column-gap-default\">\n\t\t\t\t\t<div class=\"elementor-column elementor-col-100 elementor-top-column elementor-element elementor-element-5f72aa3\" data-id=\"5f72aa3\" data-element_type=\"column\">\n\t\t\t<div class=\"elementor-widget-wrap elementor-element-populated\">\n\t\t\t\t\t\t\t\t<div class=\"elementor-element elementor-element-9dab8e5 elementor-widget elementor-widget-spacer\" data-id=\"9dab8e5\" data-element_type=\"widget\" data-widget_type=\"spacer.default\">\n\t\t\t\t<div class=\"elementor-widget-container\">\n\t\t\t\t\t<div class=\"elementor-spacer\">\n\t\t\t<div class=\"elementor-spacer-inner\"><\/div>\n\t\t<\/div>\n\t\t\t\t<\/div>\n\t\t\t\t<\/div>\n\t\t\t\t\t<\/div>\n\t\t<\/div>\n\t\t\t\t\t\t\t<\/div>\n\t\t<\/section>\n\t\t\t\t<section class=\"elementor-section elementor-top-section elementor-element elementor-element-a4f8a4c elementor-section-boxed elementor-section-height-default elementor-section-height-default\" data-id=\"a4f8a4c\" data-element_type=\"section\">\n\t\t\t\t\t\t<div class=\"elementor-container elementor-column-gap-default\">\n\t\t\t\t\t<div class=\"elementor-column elementor-col-100 elementor-top-column elementor-element elementor-element-d215b3d\" data-id=\"d215b3d\" data-element_type=\"column\">\n\t\t\t<div class=\"elementor-widget-wrap elementor-element-populated\">\n\t\t\t\t\t\t\t\t<div class=\"elementor-element elementor-element-6bfca1a elementor-widget elementor-widget-spacer\" data-id=\"6bfca1a\" data-element_type=\"widget\" data-widget_type=\"spacer.default\">\n\t\t\t\t<div class=\"elementor-widget-container\">\n\t\t\t\t\t<div class=\"elementor-spacer\">\n\t\t\t<div class=\"elementor-spacer-inner\"><\/div>\n\t\t<\/div>\n\t\t\t\t<\/div>\n\t\t\t\t<\/div>\n\t\t\t\t<div class=\"elementor-element elementor-element-b8eb6de elementor-widget elementor-widget-image\" data-id=\"b8eb6de\" data-element_type=\"widget\" data-widget_type=\"image.default\">\n\t\t\t\t<div class=\"elementor-widget-container\">\n\t\t\t\t\t\t\t\t\t\t\t\t\t\t\t<img decoding=\"async\" src=\"https:\/\/docenciavirtual.ufro.cl\/wp-content\/uploads\/2021\/08\/Banner-Dircom_proyectosinnovacion.jpg\" title=\"Banner-Dircom_proyectosinnovacion\" alt=\"Banner-Dircom_proyectosinnovacion\" loading=\"lazy\" \/>\t\t\t\t\t\t\t\t\t\t\t\t\t\t\t<\/div>\n\t\t\t\t<\/div>\n\t\t\t\t\t<\/div>\n\t\t<\/div>\n\t\t\t\t\t\t\t<\/div>\n\t\t<\/section>\n\t\t\t\t<section class=\"elementor-section elementor-top-section elementor-element elementor-element-ad3fd68 elementor-section-boxed elementor-section-height-default elementor-section-height-default\" data-id=\"ad3fd68\" data-element_type=\"section\">\n\t\t\t\t\t\t<div class=\"elementor-container elementor-column-gap-default\">\n\t\t\t\t\t<div class=\"elementor-column elementor-col-100 elementor-top-column elementor-element elementor-element-93c225b\" data-id=\"93c225b\" data-element_type=\"column\">\n\t\t\t<div class=\"elementor-widget-wrap elementor-element-populated\">\n\t\t\t\t\t\t\t\t<div class=\"elementor-element elementor-element-1d59d97 elementor-widget elementor-widget-spacer\" data-id=\"1d59d97\" data-element_type=\"widget\" data-widget_type=\"spacer.default\">\n\t\t\t\t<div class=\"elementor-widget-container\">\n\t\t\t\t\t<div class=\"elementor-spacer\">\n\t\t\t<div class=\"elementor-spacer-inner\"><\/div>\n\t\t<\/div>\n\t\t\t\t<\/div>\n\t\t\t\t<\/div>\n\t\t\t\t\t<\/div>\n\t\t<\/div>\n\t\t\t\t\t\t\t<\/div>\n\t\t<\/section>\n\t\t\t\t<section class=\"elementor-section elementor-top-section elementor-element elementor-element-9185d64 elementor-section-boxed elementor-section-height-default elementor-section-height-default\" data-id=\"9185d64\" data-element_type=\"section\">\n\t\t\t\t\t\t<div class=\"elementor-container elementor-column-gap-default\">\n\t\t\t\t\t<div class=\"elementor-column elementor-col-50 elementor-top-column elementor-element elementor-element-fc5839e\" data-id=\"fc5839e\" data-element_type=\"column\">\n\t\t\t<div class=\"elementor-widget-wrap elementor-element-populated\">\n\t\t\t\t\t\t\t\t<div class=\"elementor-element elementor-element-96350a8 elementor-widget elementor-widget-image\" data-id=\"96350a8\" data-element_type=\"widget\" data-widget_type=\"image.default\">\n\t\t\t\t<div class=\"elementor-widget-container\">\n\t\t\t\t\t\t\t\t\t\t\t\t\t\t\t<img decoding=\"async\" loading=\"lazy\" width=\"724\" height=\"1024\" src=\"https:\/\/docenciavirtual.ufro.cl\/wp-content\/uploads\/2021\/08\/Proyectos-de-innovacion2021_060821_Pagina_01-724x1024.jpg\" class=\"attachment-large size-large wp-image-6856\" alt=\"\" srcset=\"https:\/\/docenciavirtual.ufro.cl\/wp-content\/uploads\/2021\/08\/Proyectos-de-innovacion2021_060821_Pagina_01-724x1024.jpg 724w, https:\/\/docenciavirtual.ufro.cl\/wp-content\/uploads\/2021\/08\/Proyectos-de-innovacion2021_060821_Pagina_01-212x300.jpg 212w, https:\/\/docenciavirtual.ufro.cl\/wp-content\/uploads\/2021\/08\/Proyectos-de-innovacion2021_060821_Pagina_01-768x1086.jpg 768w, https:\/\/docenciavirtual.ufro.cl\/wp-content\/uploads\/2021\/08\/Proyectos-de-innovacion2021_060821_Pagina_01-1086x1536.jpg 1086w, https:\/\/docenciavirtual.ufro.cl\/wp-content\/uploads\/2021\/08\/Proyectos-de-innovacion2021_060821_Pagina_01-1448x2048.jpg 1448w, https:\/\/docenciavirtual.ufro.cl\/wp-content\/uploads\/2021\/08\/Proyectos-de-innovacion2021_060821_Pagina_01-17x24.jpg 17w, https:\/\/docenciavirtual.ufro.cl\/wp-content\/uploads\/2021\/08\/Proyectos-de-innovacion2021_060821_Pagina_01-25x36.jpg 25w, https:\/\/docenciavirtual.ufro.cl\/wp-content\/uploads\/2021\/08\/Proyectos-de-innovacion2021_060821_Pagina_01-34x48.jpg 34w, https:\/\/docenciavirtual.ufro.cl\/wp-content\/uploads\/2021\/08\/Proyectos-de-innovacion2021_060821_Pagina_01-scaled.jpg 1810w\" sizes=\"(max-width: 724px) 100vw, 724px\" \/>\t\t\t\t\t\t\t\t\t\t\t\t\t\t\t<\/div>\n\t\t\t\t<\/div>\n\t\t\t\t\t<\/div>\n\t\t<\/div>\n\t\t\t\t<div class=\"elementor-column elementor-col-50 elementor-top-column elementor-element elementor-element-a0fc525\" data-id=\"a0fc525\" data-element_type=\"column\">\n\t\t\t<div class=\"elementor-widget-wrap elementor-element-populated\">\n\t\t\t\t\t\t\t\t<div class=\"elementor-element elementor-element-cd78408 elementor-widget elementor-widget-text-editor\" data-id=\"cd78408\" data-element_type=\"widget\" data-widget_type=\"text-editor.default\">\n\t\t\t\t<div class=\"elementor-widget-container\">\n\t\t\t\t\t\t\t<p><em>Este 2021 la educaci\u00f3n superior ha debido implementar cambios importantes y realizar acciones para dar sostenibilidad a un proceso formativo que repentinamente se vio alterado el a\u00f1o 2020 por la presencia del Covid-19. No era previsible una docencia remota o virtual de emergencia durante todo el a\u00f1o, menos a\u00fan, que durante la implementaci\u00f3n<\/em><br \/><em>de \u00e9sta tendr\u00edamos que iniciar la planeaci\u00f3n de un proceso de cara a una \u201cnueva normalidad\u201d, que demandar\u00e1 adaptarnos a una docencia en modalidad mixta, bajo condiciones de distanciamiento f\u00edsico y todo lo que conlleva.<\/em><\/p><p><br \/><em>En este escenario los Proyectos de Desarrollo e Innovaci\u00f3n Docente, en esta versi\u00f3n 2021 pondr\u00e1n especial atenci\u00f3n a innovaciones que est\u00e9n en sinton\u00eda con las demandas emergentes; la adaptaci\u00f3n de la docencia a las nuevas condiciones (incorporaci\u00f3n de entornos virtuales), y explorar nuevas formas de desarrollar actividades pr\u00e1cticas de ense\u00f1anza para el logro de las habilidades comprometidas del estudiante en formaci\u00f3n acorde a las diversas disciplinas.<\/em><\/p>\t\t\t\t\t\t<\/div>\n\t\t\t\t<\/div>\n\t\t\t\t<div class=\"elementor-element elementor-element-fa1a44f elementor-align-center elementor-widget elementor-widget-button\" data-id=\"fa1a44f\" data-element_type=\"widget\" data-widget_type=\"button.default\">\n\t\t\t\t<div class=\"elementor-widget-container\">\n\t\t\t\t\t<div class=\"elementor-button-wrapper\">\n\t\t\t<a class=\"elementor-button elementor-button-link elementor-size-sm\" href=\"https:\/\/docenciavirtual.ufro.cl\/wp-content\/uploads\/2021\/08\/Proyectos-de-innovacion2021_060821-2.pdf\" target=\"_blank\">\n\t\t\t\t\t\t<span class=\"elementor-button-content-wrapper\">\n\t\t\t\t\t\t<span class=\"elementor-button-icon elementor-align-icon-left\">\n\t\t\t\t<i aria-hidden=\"true\" class=\"far fa-file-pdf\"><\/i>\t\t\t<\/span>\n\t\t\t\t\t\t<span class=\"elementor-button-text\">Descargar Bases<\/span>\n\t\t<\/span>\n\t\t\t\t\t<\/a>\n\t\t<\/div>\n\t\t\t\t<\/div>\n\t\t\t\t<\/div>\n\t\t\t\t<div class=\"elementor-element elementor-element-67cf8d4 elementor-align-center elementor-widget elementor-widget-button\" data-id=\"67cf8d4\" data-element_type=\"widget\" data-widget_type=\"button.default\">\n\t\t\t\t<div class=\"elementor-widget-container\">\n\t\t\t\t\t<div class=\"elementor-button-wrapper\">\n\t\t\t<a class=\"elementor-button elementor-button-link elementor-size-sm\" href=\"https:\/\/intranet.ufro.cl\/\" target=\"_blank\">\n\t\t\t\t\t\t<span class=\"elementor-button-content-wrapper\">\n\t\t\t\t\t\t<span class=\"elementor-button-icon elementor-align-icon-left\">\n\t\t\t\t<i aria-hidden=\"true\" class=\"far fa-arrow-alt-circle-right\"><\/i>\t\t\t<\/span>\n\t\t\t\t\t\t<span class=\"elementor-button-text\">Ir a Intranet<\/span>\n\t\t<\/span>\n\t\t\t\t\t<\/a>\n\t\t<\/div>\n\t\t\t\t<\/div>\n\t\t\t\t<\/div>\n\t\t\t\t\t<\/div>\n\t\t<\/div>\n\t\t\t\t\t\t\t<\/div>\n\t\t<\/section>\n\t\t\t\t<section class=\"elementor-section elementor-top-section elementor-element elementor-element-9fb5b39 elementor-section-boxed elementor-section-height-default elementor-section-height-default\" data-id=\"9fb5b39\" data-element_type=\"section\">\n\t\t\t\t\t\t<div class=\"elementor-container elementor-column-gap-default\">\n\t\t\t\t\t<div class=\"elementor-column elementor-col-100 elementor-top-column elementor-element elementor-element-6784f1e\" data-id=\"6784f1e\" data-element_type=\"column\">\n\t\t\t<div class=\"elementor-widget-wrap elementor-element-populated\">\n\t\t\t\t\t\t\t\t<div class=\"elementor-element elementor-element-c514af7 elementor-widget elementor-widget-spacer\" data-id=\"c514af7\" data-element_type=\"widget\" data-widget_type=\"spacer.default\">\n\t\t\t\t<div class=\"elementor-widget-container\">\n\t\t\t\t\t<div class=\"elementor-spacer\">\n\t\t\t<div class=\"elementor-spacer-inner\"><\/div>\n\t\t<\/div>\n\t\t\t\t<\/div>\n\t\t\t\t<\/div>\n\t\t\t\t\t<\/div>\n\t\t<\/div>\n\t\t\t\t\t\t\t<\/div>\n\t\t<\/section>\n\t\t\t\t<section class=\"elementor-section elementor-top-section elementor-element elementor-element-87db70e elementor-section-boxed elementor-section-height-default elementor-section-height-default\" data-id=\"87db70e\" data-element_type=\"section\">\n\t\t\t\t\t\t<div class=\"elementor-container elementor-column-gap-default\">\n\t\t\t\t\t<div class=\"elementor-column elementor-col-100 elementor-top-column elementor-element elementor-element-bc55fa6\" data-id=\"bc55fa6\" data-element_type=\"column\">\n\t\t\t<div class=\"elementor-widget-wrap elementor-element-populated\">\n\t\t\t\t\t\t\t\t<div class=\"elementor-element elementor-element-9b6c692 elementor-widget elementor-widget-spacer\" data-id=\"9b6c692\" data-element_type=\"widget\" data-widget_type=\"spacer.default\">\n\t\t\t\t<div class=\"elementor-widget-container\">\n\t\t\t\t\t<div class=\"elementor-spacer\">\n\t\t\t<div class=\"elementor-spacer-inner\"><\/div>\n\t\t<\/div>\n\t\t\t\t<\/div>\n\t\t\t\t<\/div>\n\t\t\t\t\t<\/div>\n\t\t<\/div>\n\t\t\t\t\t\t\t<\/div>\n\t\t<\/section>\n\t\t\t\t<section class=\"elementor-section elementor-top-section elementor-element elementor-element-04ab03c elementor-section-boxed elementor-section-height-default elementor-section-height-default\" data-id=\"04ab03c\" data-element_type=\"section\">\n\t\t\t\t\t\t<div class=\"elementor-container elementor-column-gap-default\">\n\t\t\t\t\t<div class=\"elementor-column elementor-col-100 elementor-top-column elementor-element elementor-element-e761112\" data-id=\"e761112\" data-element_type=\"column\">\n\t\t\t<div class=\"elementor-widget-wrap elementor-element-populated\">\n\t\t\t\t\t\t\t\t<div class=\"elementor-element elementor-element-5e26897 elementor-widget elementor-widget-heading\" data-id=\"5e26897\" data-element_type=\"widget\" data-widget_type=\"heading.default\">\n\t\t\t\t<div class=\"elementor-widget-container\">\n\t\t\t<h2 class=\"elementor-heading-title elementor-size-default\">BASES CONVOCATORIA 2021\nPROYECTOS DE DESARROLLO E INNOVACI\u00d3N DOCENTE (PDID)<\/h2>\t\t<\/div>\n\t\t\t\t<\/div>\n\t\t\t\t\t<\/div>\n\t\t<\/div>\n\t\t\t\t\t\t\t<\/div>\n\t\t<\/section>\n\t\t\t\t<section class=\"elementor-section elementor-top-section elementor-element elementor-element-3cad439 elementor-section-boxed elementor-section-height-default elementor-section-height-default\" data-id=\"3cad439\" data-element_type=\"section\">\n\t\t\t\t\t\t<div class=\"elementor-container elementor-column-gap-default\">\n\t\t\t\t\t<div class=\"elementor-column elementor-col-100 elementor-top-column elementor-element elementor-element-ed0a3fc\" data-id=\"ed0a3fc\" data-element_type=\"column\">\n\t\t\t<div class=\"elementor-widget-wrap elementor-element-populated\">\n\t\t\t\t\t\t\t\t<div class=\"elementor-element elementor-element-7d50bf8 elementor-widget elementor-widget-heading\" data-id=\"7d50bf8\" data-element_type=\"widget\" data-widget_type=\"heading.default\">\n\t\t\t\t<div class=\"elementor-widget-container\">\n\t\t\t<h3 class=\"elementor-heading-title elementor-size-default\">I.\tINTRODUCCI\u00d3N\n<\/h3>\t\t<\/div>\n\t\t\t\t<\/div>\n\t\t\t\t\t<\/div>\n\t\t<\/div>\n\t\t\t\t\t\t\t<\/div>\n\t\t<\/section>\n\t\t\t\t<section class=\"elementor-section elementor-top-section elementor-element elementor-element-269f54d elementor-section-boxed elementor-section-height-default elementor-section-height-default\" data-id=\"269f54d\" data-element_type=\"section\">\n\t\t\t\t\t\t<div class=\"elementor-container elementor-column-gap-default\">\n\t\t\t\t\t<div class=\"elementor-column elementor-col-100 elementor-top-column elementor-element elementor-element-1b3b05a\" data-id=\"1b3b05a\" data-element_type=\"column\">\n\t\t\t<div class=\"elementor-widget-wrap elementor-element-populated\">\n\t\t\t\t\t\t\t\t<div class=\"elementor-element elementor-element-13bd746 elementor-widget elementor-widget-text-editor\" data-id=\"13bd746\" data-element_type=\"widget\" data-widget_type=\"text-editor.default\">\n\t\t\t\t<div class=\"elementor-widget-container\">\n\t\t\t\t\t\t\t<div class=\"page\" title=\"Page 2\"><div class=\"layoutArea\"><div class=\"column\"><p>Este 2021 la educacio\u0301n superior ha debido implementar cambios importantes y realizar acciones para dar sostenibilidad a un proceso formativo que repentinamente se vio alterado el an\u0303o 2020 por la presencia del Covid-19. No era previsible una docencia remota o virtual de emergencia durante todo el an\u0303o, menos au\u0301n, que durante la implementacio\u0301n de e\u0301sta tendri\u0301amos que iniciar la planeacio\u0301n de un proceso de cara a una \u201cnueva normalidad\u201d, que demandara\u0301 adaptarnos a una docencia en modalidad mixta, bajo condiciones de distanciamiento fi\u0301sico y todo lo que conlleva.<\/p><p>En este escenario los Proyectos de Desarrollo e Innovacio\u0301n Docente, en esta versio\u0301n 2021 pondra\u0301n especial atencio\u0301n a innovaciones que este\u0301n en sintoni\u0301a con las demandas emergentes; la adaptacio\u0301n de la docencia a las nuevas condiciones (incorporacio\u0301n de entornos virtuales), y explorar nuevas formas de desarrollar actividades pra\u0301cticas de ensen\u0303anza para el logro de las habilidades comprometidas del estudiante en formacio\u0301n acorde a las diversas disciplinas.<\/p><p>Como Vicerrectori\u0301a de Pregrado, seguiremos trabajando sostenidamente para el logro de los propo\u0301sitos institucionales, poniendo siempre al centro las necesidades de los estudiantes y apoyando a los docentes ante las nuevas exigencias que enfrentan. Creemos que las experiencias de innovacio\u0301n son una gran oportunidad de aprendizaje institucional para responder a los cambios que se han iniciado en los procesos de ensen\u0303anza y aprendizaje en la educacio\u0301n en general.<\/p><\/div><\/div><\/div>\t\t\t\t\t\t<\/div>\n\t\t\t\t<\/div>\n\t\t\t\t\t<\/div>\n\t\t<\/div>\n\t\t\t\t\t\t\t<\/div>\n\t\t<\/section>\n\t\t\t\t<section class=\"elementor-section elementor-top-section elementor-element elementor-element-ede36c9 elementor-section-boxed elementor-section-height-default elementor-section-height-default\" data-id=\"ede36c9\" data-element_type=\"section\">\n\t\t\t\t\t\t<div class=\"elementor-container elementor-column-gap-default\">\n\t\t\t\t\t<div class=\"elementor-column elementor-col-100 elementor-top-column elementor-element elementor-element-ce10ac9\" data-id=\"ce10ac9\" data-element_type=\"column\">\n\t\t\t<div class=\"elementor-widget-wrap elementor-element-populated\">\n\t\t\t\t\t\t\t\t<div class=\"elementor-element elementor-element-21067ef elementor-widget elementor-widget-heading\" data-id=\"21067ef\" data-element_type=\"widget\" data-widget_type=\"heading.default\">\n\t\t\t\t<div class=\"elementor-widget-container\">\n\t\t\t<h3 class=\"elementor-heading-title elementor-size-default\">II.\tOBJETIVOS\n<\/h3>\t\t<\/div>\n\t\t\t\t<\/div>\n\t\t\t\t\t<\/div>\n\t\t<\/div>\n\t\t\t\t\t\t\t<\/div>\n\t\t<\/section>\n\t\t\t\t<section class=\"elementor-section elementor-top-section elementor-element elementor-element-86cef18 elementor-section-boxed elementor-section-height-default elementor-section-height-default\" data-id=\"86cef18\" data-element_type=\"section\">\n\t\t\t\t\t\t<div class=\"elementor-container elementor-column-gap-default\">\n\t\t\t\t\t<div class=\"elementor-column elementor-col-100 elementor-top-column elementor-element elementor-element-32ed836\" data-id=\"32ed836\" data-element_type=\"column\">\n\t\t\t<div class=\"elementor-widget-wrap elementor-element-populated\">\n\t\t\t\t\t\t\t\t<div class=\"elementor-element elementor-element-9a23d05 elementor-widget elementor-widget-text-editor\" data-id=\"9a23d05\" data-element_type=\"widget\" data-widget_type=\"text-editor.default\">\n\t\t\t\t<div class=\"elementor-widget-container\">\n\t\t\t\t\t\t\t<ol><li><strong>Propiciar el desarrollo de iniciativas docentes <\/strong>que de manera experimental busquen mejorar las condiciones en que se desarrolla el proceso de ense\u00f1anza aprendizaje y que analicen e interpreten en cada situaci\u00f3n el impacto de los resultado.<\/li><li><strong style=\"color: var( --e-global-color-text ); font-family: var( --e-global-typography-text-font-family ), arial; letter-spacing: 0px;\">Impulsar la conformaci\u00f3n de equipos docentes orientados a la innovaci\u00f3n educativa, <\/strong><span style=\"color: var( --e-global-color-text ); font-family: var( --e-global-typography-text-font-family ), arial; font-weight: var( --e-global-typography-text-font-weight ); letter-spacing: 0px;\">que indaguen sobre los procesos de ense\u00f1anza-aprendizaje y reflexionen sobre su propia pr\u00e1ctica docente, buscando la manera de mejorar ambos aspectos.<\/span><\/li><\/ol>\t\t\t\t\t\t<\/div>\n\t\t\t\t<\/div>\n\t\t\t\t\t<\/div>\n\t\t<\/div>\n\t\t\t\t\t\t\t<\/div>\n\t\t<\/section>\n\t\t\t\t<section class=\"elementor-section elementor-top-section elementor-element elementor-element-5de040c elementor-section-boxed elementor-section-height-default elementor-section-height-default\" data-id=\"5de040c\" data-element_type=\"section\">\n\t\t\t\t\t\t<div class=\"elementor-container elementor-column-gap-default\">\n\t\t\t\t\t<div class=\"elementor-column elementor-col-100 elementor-top-column elementor-element elementor-element-77d1e7b\" data-id=\"77d1e7b\" data-element_type=\"column\">\n\t\t\t<div class=\"elementor-widget-wrap elementor-element-populated\">\n\t\t\t\t\t\t\t\t<div class=\"elementor-element elementor-element-a9c7b50 elementor-widget elementor-widget-spacer\" data-id=\"a9c7b50\" data-element_type=\"widget\" data-widget_type=\"spacer.default\">\n\t\t\t\t<div class=\"elementor-widget-container\">\n\t\t\t\t\t<div class=\"elementor-spacer\">\n\t\t\t<div class=\"elementor-spacer-inner\"><\/div>\n\t\t<\/div>\n\t\t\t\t<\/div>\n\t\t\t\t<\/div>\n\t\t\t\t\t<\/div>\n\t\t<\/div>\n\t\t\t\t\t\t\t<\/div>\n\t\t<\/section>\n\t\t\t\t<section class=\"elementor-section elementor-top-section elementor-element elementor-element-81ca86d elementor-section-boxed elementor-section-height-default elementor-section-height-default\" data-id=\"81ca86d\" data-element_type=\"section\">\n\t\t\t\t\t\t<div class=\"elementor-container elementor-column-gap-default\">\n\t\t\t\t\t<div class=\"elementor-column elementor-col-100 elementor-top-column elementor-element elementor-element-b5724b1\" data-id=\"b5724b1\" data-element_type=\"column\">\n\t\t\t<div class=\"elementor-widget-wrap elementor-element-populated\">\n\t\t\t\t\t\t\t\t<div class=\"elementor-element elementor-element-7603a41 elementor-widget elementor-widget-heading\" data-id=\"7603a41\" data-element_type=\"widget\" data-widget_type=\"heading.default\">\n\t\t\t\t<div class=\"elementor-widget-container\">\n\t\t\t<h3 class=\"elementor-heading-title elementor-size-default\">III.- ALCANCES DE LA CONVOCATORIA 2021\n\n<\/h3>\t\t<\/div>\n\t\t\t\t<\/div>\n\t\t\t\t\t<\/div>\n\t\t<\/div>\n\t\t\t\t\t\t\t<\/div>\n\t\t<\/section>\n\t\t\t\t<section class=\"elementor-section elementor-top-section elementor-element elementor-element-50ad2c5 elementor-section-boxed elementor-section-height-default elementor-section-height-default\" data-id=\"50ad2c5\" data-element_type=\"section\">\n\t\t\t\t\t\t<div class=\"elementor-container elementor-column-gap-default\">\n\t\t\t\t\t<div class=\"elementor-column elementor-col-100 elementor-top-column elementor-element elementor-element-cbffc84\" data-id=\"cbffc84\" data-element_type=\"column\">\n\t\t\t<div class=\"elementor-widget-wrap elementor-element-populated\">\n\t\t\t\t\t\t\t\t<div class=\"elementor-element elementor-element-f6f724d elementor-widget elementor-widget-text-editor\" data-id=\"f6f724d\" data-element_type=\"widget\" data-widget_type=\"text-editor.default\">\n\t\t\t\t<div class=\"elementor-widget-container\">\n\t\t\t\t\t\t\t<div class=\"page\" title=\"Page 3\"><div class=\"layoutArea\"><div class=\"column\"><p>La Vicerrectori\u0301a de Pregrado de La Universidad de La Frontera, a trave\u0301s de la Direccio\u0301n de Desarrollo Curricular y Docente, pone a disposicio\u0301n un fondo concursable para iniciativas de innovacio\u0301n docente en la bu\u0301squeda permanente de te\u0301cnicas, metodologi\u0301as y recursos ma\u0301s acordes a la situacio\u0301n de aprendizaje de los estudiantes, como parte de la estrategia institucional para el mejoramiento continuo de la docencia.<\/p><p>Se entiende por Innovacio\u0301n Docente al proceso que conlleva intencionadamente cambios en las pra\u0301cticas y me\u0301todos docentes, buscando mejorarlos u originar otros nuevos, para dar respuesta a alguna dificultad o necesidad detectada en el proceso de ensen\u0303anza-aprendizaje. Este proceso implica implementar ideas o pra\u0301cticas, evaluando los resultados obtenidos y velando por la generacio\u0301n de conocimiento sistema\u0301ticoinstitucional, reflexionado sobre el mismo y propiciando el aprendizaje y la mejora continua.<\/p><p>En esta convocatoria las iniciativas o pra\u0301cticas innovadoras debera\u0301n ser disen\u0303adas para el contexto de una modalidad mixta (http:\/\/docenciavirtual.ufro.cl\/index.php\/que-es-la-modalidad-mixta\/) , analizando los logros de aprendizajes que alcancen los y las estudiantes y\/o la contribucio\u0301n al perfil de egreso, sistematizando los logros que se alcancen en conjunto con el estudiantado, adema\u0301s de la propia experiencia del do- cente que innova. En esta convocatoria se busca potenciar la conformacio\u0301n de equipos docentes que enfrenten su docencia de manera reflexiva, que sean indagadores de los procesos de ensen\u0303anza de su disciplina, que busquen mejoras permanentes para evitar los obsta\u0301culos en el proceso de aprendizaje que impactan en la aprobacio\u0301n, integrando nuevas tecnologi\u0301as para enfrentar estos desafi\u0301os<\/p><\/div><\/div><\/div>\t\t\t\t\t\t<\/div>\n\t\t\t\t<\/div>\n\t\t\t\t\t<\/div>\n\t\t<\/div>\n\t\t\t\t\t\t\t<\/div>\n\t\t<\/section>\n\t\t\t\t<section class=\"elementor-section elementor-top-section elementor-element elementor-element-4fe2e8c elementor-section-boxed elementor-section-height-default elementor-section-height-default\" data-id=\"4fe2e8c\" data-element_type=\"section\">\n\t\t\t\t\t\t<div class=\"elementor-container elementor-column-gap-default\">\n\t\t\t\t\t<div class=\"elementor-column elementor-col-100 elementor-top-column elementor-element elementor-element-e4d553d\" data-id=\"e4d553d\" data-element_type=\"column\">\n\t\t\t<div class=\"elementor-widget-wrap elementor-element-populated\">\n\t\t\t\t\t\t\t\t<div class=\"elementor-element elementor-element-08969b4 elementor-widget elementor-widget-spacer\" data-id=\"08969b4\" data-element_type=\"widget\" data-widget_type=\"spacer.default\">\n\t\t\t\t<div class=\"elementor-widget-container\">\n\t\t\t\t\t<div class=\"elementor-spacer\">\n\t\t\t<div class=\"elementor-spacer-inner\"><\/div>\n\t\t<\/div>\n\t\t\t\t<\/div>\n\t\t\t\t<\/div>\n\t\t\t\t\t<\/div>\n\t\t<\/div>\n\t\t\t\t\t\t\t<\/div>\n\t\t<\/section>\n\t\t\t\t<section class=\"elementor-section elementor-top-section elementor-element elementor-element-8050dff elementor-section-boxed elementor-section-height-default elementor-section-height-default\" data-id=\"8050dff\" data-element_type=\"section\">\n\t\t\t\t\t\t<div class=\"elementor-container elementor-column-gap-default\">\n\t\t\t\t\t<div class=\"elementor-column elementor-col-100 elementor-top-column elementor-element elementor-element-5c015e0\" data-id=\"5c015e0\" data-element_type=\"column\">\n\t\t\t<div class=\"elementor-widget-wrap elementor-element-populated\">\n\t\t\t\t\t\t\t\t<div class=\"elementor-element elementor-element-d0851c1 elementor-widget elementor-widget-heading\" data-id=\"d0851c1\" data-element_type=\"widget\" data-widget_type=\"heading.default\">\n\t\t\t\t<div class=\"elementor-widget-container\">\n\t\t\t<h3 class=\"elementor-heading-title elementor-size-default\">IV. A QUI\u00c9N EST\u00c1 DIRIGIDA LA CONVOCATORIA\n<\/h3>\t\t<\/div>\n\t\t\t\t<\/div>\n\t\t\t\t\t<\/div>\n\t\t<\/div>\n\t\t\t\t\t\t\t<\/div>\n\t\t<\/section>\n\t\t\t\t<section class=\"elementor-section elementor-top-section elementor-element elementor-element-c9deccd elementor-section-boxed elementor-section-height-default elementor-section-height-default\" data-id=\"c9deccd\" data-element_type=\"section\">\n\t\t\t\t\t\t<div class=\"elementor-container elementor-column-gap-default\">\n\t\t\t\t\t<div class=\"elementor-column elementor-col-100 elementor-top-column elementor-element elementor-element-a840f47\" data-id=\"a840f47\" data-element_type=\"column\">\n\t\t\t<div class=\"elementor-widget-wrap elementor-element-populated\">\n\t\t\t\t\t\t\t\t<div class=\"elementor-element elementor-element-5676c2b elementor-widget elementor-widget-text-editor\" data-id=\"5676c2b\" data-element_type=\"widget\" data-widget_type=\"text-editor.default\">\n\t\t\t\t<div class=\"elementor-widget-container\">\n\t\t\t\t\t\t\t<ol><li>Equipos docentes de la Universidad de La Frontera, conformados por m\u00ednimo dos y hasta cuatro. Podr\u00e1n estar conformados por miembros de uno o m\u00e1s departamentos seg\u00fan las particularidades de la propuesta.<\/li><li>Entre los miembros del equipo docente, uno de ellos deber\u00e1 asumir el cargo de Director (a) del Proyecto y otro miembro del equipo ser\u00e1 Director(a). El director(a) y director(a) subrogante ser\u00e1n los representantes del proyecto y, por ende, interlocutores frente a la Direcci\u00f3n de Desarrollo Curricular y Docente (DICDO).<\/li><li>Podr\u00e1 ser Director (a) del proyecto cualquier docente con contrato en propiedad o a contrata, contratado como m\u00ednimo por media jornada.<\/li><li>Podr\u00e1 el equipo docente contar con otros miembros colaboradores (docentes, estudiantes ayudantes, docentes de otras universidades u otros niveles educativos), a quienes se podr\u00e1 acreditar su participaci\u00f3n con una constancia emitida por la Direcci\u00f3n de Desarrollo Curricular y Docente (DICDO).<\/li><li>Los docentes participantes podr\u00e1n ser parte solo de un proyecto en postulaci\u00f3n por a\u00f1o.<\/li><li>Podr\u00e1n postular equipos docentes cuyos participantes hayan participado en convocatorias anteriores, que habiendo terminado y en funci\u00f3n de sus resultados deseen dar continuidad, ajustar, mejorar o profundizar las propuestas de innovaci\u00f3n<\/li><\/ol>\t\t\t\t\t\t<\/div>\n\t\t\t\t<\/div>\n\t\t\t\t\t<\/div>\n\t\t<\/div>\n\t\t\t\t\t\t\t<\/div>\n\t\t<\/section>\n\t\t\t\t<section class=\"elementor-section elementor-top-section elementor-element elementor-element-748160e elementor-section-boxed elementor-section-height-default elementor-section-height-default\" data-id=\"748160e\" data-element_type=\"section\">\n\t\t\t\t\t\t<div class=\"elementor-container elementor-column-gap-default\">\n\t\t\t\t\t<div class=\"elementor-column elementor-col-100 elementor-top-column elementor-element elementor-element-694ec16\" data-id=\"694ec16\" data-element_type=\"column\">\n\t\t\t<div class=\"elementor-widget-wrap elementor-element-populated\">\n\t\t\t\t\t\t\t\t<div class=\"elementor-element elementor-element-12fe826 elementor-widget elementor-widget-heading\" data-id=\"12fe826\" data-element_type=\"widget\" data-widget_type=\"heading.default\">\n\t\t\t\t<div class=\"elementor-widget-container\">\n\t\t\t<h3 class=\"elementor-heading-title elementor-size-default\">V. RESPONSABILIDADES DEL EQUIPO DOCENTE PARTICIPANTE<\/h3>\t\t<\/div>\n\t\t\t\t<\/div>\n\t\t\t\t\t<\/div>\n\t\t<\/div>\n\t\t\t\t\t\t\t<\/div>\n\t\t<\/section>\n\t\t\t\t<section class=\"elementor-section elementor-top-section elementor-element elementor-element-cd80b72 elementor-section-boxed elementor-section-height-default elementor-section-height-default\" data-id=\"cd80b72\" data-element_type=\"section\">\n\t\t\t\t\t\t<div class=\"elementor-container elementor-column-gap-default\">\n\t\t\t\t\t<div class=\"elementor-column elementor-col-100 elementor-top-column elementor-element elementor-element-9c49c88\" data-id=\"9c49c88\" data-element_type=\"column\">\n\t\t\t<div class=\"elementor-widget-wrap elementor-element-populated\">\n\t\t\t\t\t\t\t\t<div class=\"elementor-element elementor-element-8a691cc elementor-widget elementor-widget-text-editor\" data-id=\"8a691cc\" data-element_type=\"widget\" data-widget_type=\"text-editor.default\">\n\t\t\t\t<div class=\"elementor-widget-container\">\n\t\t\t\t\t\t\t<p><span style=\"font-weight: 400;\">La ejecuci\u00f3n de los proyectos tendr\u00e1 una duraci\u00f3n de 18 meses, inici\u00e1ndose a partir de la fecha de adjudicaci\u00f3n formalizada a trav\u00e9s de resoluci\u00f3n exenta, y finalizando con la entrega del informe final de resultados.<\/span><\/p><p><span style=\"font-weight: 400;\">Durante el tiempo de ejecuci\u00f3n la dedicaci\u00f3n al proyecto para cada uno de los los miembros del equipo ser\u00e1 de 4 horas.<\/span><\/p><p><span style=\"font-weight: 400;\">Los equipos docentes de los proyectos adjudicados, como parte de sus responsabilidades y compromisos con la instituci\u00f3n y la mejora continua del proceso de ense\u00f1anza &#8211; aprendizaje, deber\u00e1n participar en instancias institucionales de capacitaci\u00f3n, profundizaci\u00f3n o difusi\u00f3n en tem\u00e1ticas de innovaci\u00f3n.<\/span><\/p>\t\t\t\t\t\t<\/div>\n\t\t\t\t<\/div>\n\t\t\t\t\t<\/div>\n\t\t<\/div>\n\t\t\t\t\t\t\t<\/div>\n\t\t<\/section>\n\t\t\t\t<section class=\"elementor-section elementor-top-section elementor-element elementor-element-9c3c5b3 elementor-section-boxed elementor-section-height-default elementor-section-height-default\" data-id=\"9c3c5b3\" data-element_type=\"section\">\n\t\t\t\t\t\t<div class=\"elementor-container elementor-column-gap-default\">\n\t\t\t\t\t<div class=\"elementor-column elementor-col-100 elementor-top-column elementor-element elementor-element-985cf42\" data-id=\"985cf42\" data-element_type=\"column\">\n\t\t\t<div class=\"elementor-widget-wrap elementor-element-populated\">\n\t\t\t\t\t\t\t\t<div class=\"elementor-element elementor-element-8e936d1 elementor-widget elementor-widget-heading\" data-id=\"8e936d1\" data-element_type=\"widget\" data-widget_type=\"heading.default\">\n\t\t\t\t<div class=\"elementor-widget-container\">\n\t\t\t<h4 class=\"elementor-heading-title elementor-size-default\">OTRAS CONSIDERACIONES<\/h4>\t\t<\/div>\n\t\t\t\t<\/div>\n\t\t\t\t\t<\/div>\n\t\t<\/div>\n\t\t\t\t\t\t\t<\/div>\n\t\t<\/section>\n\t\t\t\t<section class=\"elementor-section elementor-top-section elementor-element elementor-element-574bb88 elementor-section-boxed elementor-section-height-default elementor-section-height-default\" data-id=\"574bb88\" data-element_type=\"section\">\n\t\t\t\t\t\t<div class=\"elementor-container elementor-column-gap-default\">\n\t\t\t\t\t<div class=\"elementor-column elementor-col-100 elementor-top-column elementor-element elementor-element-7c5c3f4\" data-id=\"7c5c3f4\" data-element_type=\"column\">\n\t\t\t<div class=\"elementor-widget-wrap elementor-element-populated\">\n\t\t\t\t\t\t\t\t<div class=\"elementor-element elementor-element-04ddae5 elementor-widget elementor-widget-text-editor\" data-id=\"04ddae5\" data-element_type=\"widget\" data-widget_type=\"text-editor.default\">\n\t\t\t\t<div class=\"elementor-widget-container\">\n\t\t\t\t\t\t\t<p>En caso de que un equipo no logre cumplir con la ejecuci\u00f3n total del proyecto adjudicado, ninguno de los miembros podr\u00e1 volver a postular a un nuevo Proyecto de Desarrollo e Innovaci\u00f3n Docente durante los 3 a\u00f1os siguientes de ocurrido el incumplimiento.<\/p><p>\u00a0<\/p><p>Como regla general, no podr\u00e1 formar parte de un equipo docente aquella persona que haya participado en un proyecto de innovaci\u00f3n docente durante las \u00faltimas tres convocatorias y que haya cerrado con alguna situaci\u00f3n pendiente.<\/p>\t\t\t\t\t\t<\/div>\n\t\t\t\t<\/div>\n\t\t\t\t\t<\/div>\n\t\t<\/div>\n\t\t\t\t\t\t\t<\/div>\n\t\t<\/section>\n\t\t\t\t<section class=\"elementor-section elementor-top-section elementor-element elementor-element-08e3a98 elementor-section-boxed elementor-section-height-default elementor-section-height-default\" data-id=\"08e3a98\" data-element_type=\"section\">\n\t\t\t\t\t\t<div class=\"elementor-container elementor-column-gap-default\">\n\t\t\t\t\t<div class=\"elementor-column elementor-col-100 elementor-top-column elementor-element elementor-element-afa703d\" data-id=\"afa703d\" data-element_type=\"column\">\n\t\t\t<div class=\"elementor-widget-wrap elementor-element-populated\">\n\t\t\t\t\t\t\t\t<div class=\"elementor-element elementor-element-3dc2293 elementor-widget elementor-widget-heading\" data-id=\"3dc2293\" data-element_type=\"widget\" data-widget_type=\"heading.default\">\n\t\t\t\t<div class=\"elementor-widget-container\">\n\t\t\t<h3 class=\"elementor-heading-title elementor-size-default\">VI. FINANCIAMIENTO<\/h3>\t\t<\/div>\n\t\t\t\t<\/div>\n\t\t\t\t<div class=\"elementor-element elementor-element-69fc69f elementor-widget elementor-widget-text-editor\" data-id=\"69fc69f\" data-element_type=\"widget\" data-widget_type=\"text-editor.default\">\n\t\t\t\t<div class=\"elementor-widget-container\">\n\t\t\t\t\t\t\t<ul><li style=\"font-weight: 400;\"><span style=\"font-weight: 400;\">Cada proyecto podr\u00e1 optar al financiamiento para realizar las acciones planificadas para el logro de los objetivos, fondos aportados por la Vicerrector\u00eda de Pregrado. El financiamiento m\u00e1ximo por proyecto ser\u00e1 de $ 1.000.000.-<\/span><\/li><li style=\"font-weight: 400;\"><span style=\"font-weight: 400;\">Todos los gastos ser\u00e1n tramitados previa solicitud del director del proyecto por la <\/span>oficina de gesti\u00f3n financiera de la Vicerrector\u00eda de Pregrado.<\/li><\/ul><ul><li style=\"font-weight: 400;\"><span style=\"font-weight: 400;\">El proyecto en el \u00edtem financiero deber\u00e1 describir en detalle el tipo de gastos, detallando el equipamiento, insumos, recursos humanos u otros a comprometer con estos fondos. Junto con lo anterior, se deber\u00e1 presentar un calendario de gastos que tenga el car\u00e1cter de progresivo y sea consecuente con la implementaci\u00f3n de las actividades comprometidas, indicando a qu\u00e9 actividad contribuye.<\/span><\/li><li style=\"font-weight: 400;\"><span style=\"font-weight: 400;\">El equipo directivo del proyecto tendr\u00e1 la responsabilidad de ejecutar en tiempo y forma los respectivos gastos comprometidos en el \u00edtem financiero del proyecto aprobado. Adem\u00e1s, ser\u00e1 de su responsabilidad llevar un control de gastos.<\/span><\/li><li style=\"font-weight: 400;\"><span style=\"font-weight: 400;\">Podr\u00e1 destinarse presupuesto a todas las acciones planificadas en \u201c\u00cdtems Gastos\u201d, las cuales deber\u00e1n ajustar a los siguientes \u00edtem de gastos y modalidad de compra o contrataci\u00f3n:<\/span><\/li><li style=\"font-weight: 400;\"><span style=\"font-weight: 400;\">Contrataci\u00f3n de recursos humanos: a trav\u00e9s de contrato a honorarios. La solicitud deber\u00e1 contar con el V\u00baB\u00ba del Director de Departamento al cual se encuentra adscrita la asignatura.<\/span><\/li><li style=\"font-weight: 400;\"><span style=\"font-weight: 400;\">Contrataci\u00f3n de estudiantes laborantes: a trav\u00e9s de solicitud de becas laborantes.<\/span><\/li><li style=\"font-weight: 400;\"><span style=\"font-weight: 400;\">Gastos de operaci\u00f3n: a trav\u00e9s de convenio marco compra \u00e1gil, compra directa hasta <\/span>3 UTM o fondo por rendir, licitaciones p\u00fablicas o tratos directo seg\u00fan corresponda.<\/li><\/ul><ul><li style=\"font-weight: 400;\"><span style=\"font-weight: 400;\">Bienes: a trav\u00e9s de convenio marco compra \u00e1gil, compra directa hasta 3 UTM o fondo por rendir, licitaciones p\u00fablicas o tratos directo seg\u00fan corresponda.<\/span><\/li><li style=\"font-weight: 400;\"><span style=\"font-weight: 400;\">Otros: se analizar\u00e1 seg\u00fan corresponda.<\/span><\/li><li style=\"font-weight: 400;\"><span style=\"font-weight: 400;\">La modalidad de compra deber\u00e1 privilegiar en primera instancia la compra por convenio marco, compra \u00e1gil, compra directa hasta 3 UTM \u00f3 fondo por rendir, seguidos de las licitaciones p\u00fablicas, tratos directo, en el mismo orden de preferencia y de acuerdo a la evaluaci\u00f3n y recomendaci\u00f3n final de la oficina de gesti\u00f3n financiera de la Vicerrector\u00eda de Pregrado.<\/span><\/li><\/ul><ul><li>Esta convocatoria de manera excepcional financiar\u00e1 la compra de equipos y complementos computacionales (hardware, software,webcams), justificables acorde la experiencia de innovaci\u00f3n. En caso de adquirir este tipo de equipos el o los \u00edtem no podr\u00e1n ser superior al 60% del presupuesto total del proyecto, los mismos deber\u00e1n ser justificados debidamente en el<\/li><li>Esta convocatoria no financiar\u00e1 la compra de libros<\/li><li>En el caso de la adquisici\u00f3n de alg\u00fan bien inventariable este debe ser asignado al inventario del Departamento o carrera en la que se desarroll\u00f3 la innovaci\u00f3n<\/li><li>Se considerar\u00e1 el pago de apoyos t\u00e9cnicos o asesor\u00edas de expertos del \u00e1rea disciplinaria con experiencia en innovaci\u00f3n o investigaci\u00f3n en docencia universitaria, asesor\u00eda en tecnolog\u00eda educativa en aspectos espec\u00edficos de la ense\u00f1anza, y \/o asesor\u00eda en recolecci\u00f3n y an\u00e1lisis de<\/li><li>Los profesionales que se necesite contratar para una funci\u00f3n espec\u00edfica que requiera el proyecto no podr\u00e1n tener ninguna relaci\u00f3n contractual con la Universidad de La Frontera<\/li><li>La no pertinencia de gastos podr\u00e1 incurrir en el rechazo o solicitud de modificaci\u00f3n del \u00edtem respectivo, lo cual ser\u00e1 evaluado por el equipo coordinador.<\/li><\/ul><ul><li>Como se mencion\u00f3 el proyecto considera las siguientes etapas:<ul><li>Dise\u00f1o<\/li><li>Implementaci\u00f3n<\/li><li>Resultados<\/li><\/ul><\/li><\/ul><p>Desde el punto de vista presupuestario la etapa de dise\u00f1o e implementaci\u00f3n deber\u00e1 llevarse a cabo durante los primeros 12 meses de ejecuci\u00f3n del proyecto (hasta el mes 12) y considerar\u00e1 un gasto presupuestario de hasta el 80% del presupuesto total. El 20% restante podr\u00e1 ser ejecutado del mes 13 al mes 18 en las actividades pertinentes a la etapa de resultados.<\/p>\t\t\t\t\t\t<\/div>\n\t\t\t\t<\/div>\n\t\t\t\t\t<\/div>\n\t\t<\/div>\n\t\t\t\t\t\t\t<\/div>\n\t\t<\/section>\n\t\t\t\t<section class=\"elementor-section elementor-top-section elementor-element elementor-element-15f058b elementor-section-boxed elementor-section-height-default elementor-section-height-default\" data-id=\"15f058b\" data-element_type=\"section\">\n\t\t\t\t\t\t<div class=\"elementor-container elementor-column-gap-default\">\n\t\t\t\t\t<div class=\"elementor-column elementor-col-100 elementor-top-column elementor-element elementor-element-bc23c71\" data-id=\"bc23c71\" data-element_type=\"column\">\n\t\t\t<div class=\"elementor-widget-wrap elementor-element-populated\">\n\t\t\t\t\t\t\t\t<div class=\"elementor-element elementor-element-b34ff83 elementor-widget elementor-widget-heading\" data-id=\"b34ff83\" data-element_type=\"widget\" data-widget_type=\"heading.default\">\n\t\t\t\t<div class=\"elementor-widget-container\">\n\t\t\t<h3 class=\"elementor-heading-title elementor-size-default\">VII.\tL\u00cdNEAS DE DESARROLLO<\/h3>\t\t<\/div>\n\t\t\t\t<\/div>\n\t\t\t\t<div class=\"elementor-element elementor-element-7d8bad0 elementor-widget elementor-widget-heading\" data-id=\"7d8bad0\" data-element_type=\"widget\" data-widget_type=\"heading.default\">\n\t\t\t\t<div class=\"elementor-widget-container\">\n\t\t\t<h4 class=\"elementor-heading-title elementor-size-default\">L\u00ednea 1: Actividades educativas que integran TIC.<\/h4>\t\t<\/div>\n\t\t\t\t<\/div>\n\t\t\t\t<div class=\"elementor-element elementor-element-2b74124 elementor-widget elementor-widget-text-editor\" data-id=\"2b74124\" data-element_type=\"widget\" data-widget_type=\"text-editor.default\">\n\t\t\t\t<div class=\"elementor-widget-container\">\n\t\t\t\t\t\t\t<p>Proyectos dirigidos a mejorar el aprendizaje de los y las estudiantes a trav\u00e9s del dise\u00f1o, implementaci\u00f3n y evaluaci\u00f3n de actividades educativas que integran tecnolog\u00edas acorde a las necesidades de los estudiantes en contextos virtuales o mixtos de aprendizaje.<\/p><p>\u00a0<\/p><h4>Aspectos a considerar:<\/h4><p>\u00a0<\/p><ul><li>Virtualizaci\u00f3n de unidades de contenidos del curso ( actividades asociadas).<\/li><\/ul><ul><li>Desarrollo de estrategias mediadas por tecnolog\u00eda para potenciar la interacci\u00f3n y comunicaci\u00f3n de su asignatura<\/li><\/ul><ul><li>Creaci\u00f3n de objetos virtuales de aprendizaje (recurso y actividad de aprendizaje)<\/li><\/ul><ul><li>Implementaci\u00f3n de flip classroom o aula invertida en unidades del curso<\/li><li>Uso de Recursos Educativos Abiertos para el aprendizaje.<\/li><\/ul>\t\t\t\t\t\t<\/div>\n\t\t\t\t<\/div>\n\t\t\t\t\t<\/div>\n\t\t<\/div>\n\t\t\t\t\t\t\t<\/div>\n\t\t<\/section>\n\t\t\t\t<section class=\"elementor-section elementor-top-section elementor-element elementor-element-abaf326 elementor-section-boxed elementor-section-height-default elementor-section-height-default\" data-id=\"abaf326\" data-element_type=\"section\">\n\t\t\t\t\t\t<div class=\"elementor-container elementor-column-gap-default\">\n\t\t\t\t\t<div class=\"elementor-column elementor-col-100 elementor-top-column elementor-element elementor-element-e0d7a26\" data-id=\"e0d7a26\" data-element_type=\"column\">\n\t\t\t<div class=\"elementor-widget-wrap elementor-element-populated\">\n\t\t\t\t\t\t\t\t<div class=\"elementor-element elementor-element-040e289 elementor-widget elementor-widget-heading\" data-id=\"040e289\" data-element_type=\"widget\" data-widget_type=\"heading.default\">\n\t\t\t\t<div class=\"elementor-widget-container\">\n\t\t\t<h4 class=\"elementor-heading-title elementor-size-default\">L\u00ednea 2: Experiencias de integraci\u00f3n de tecnolog\u00eda en actividades pr\u00e1cticas (laboratorios, actividades en contexto simulado o real).<\/h4>\t\t<\/div>\n\t\t\t\t<\/div>\n\t\t\t\t\t<\/div>\n\t\t<\/div>\n\t\t\t\t\t\t\t<\/div>\n\t\t<\/section>\n\t\t\t\t<section class=\"elementor-section elementor-top-section elementor-element elementor-element-6eea511 elementor-section-boxed elementor-section-height-default elementor-section-height-default\" data-id=\"6eea511\" data-element_type=\"section\">\n\t\t\t\t\t\t<div class=\"elementor-container elementor-column-gap-default\">\n\t\t\t\t\t<div class=\"elementor-column elementor-col-100 elementor-top-column elementor-element elementor-element-21428a9\" data-id=\"21428a9\" data-element_type=\"column\">\n\t\t\t<div class=\"elementor-widget-wrap elementor-element-populated\">\n\t\t\t\t\t\t\t\t<div class=\"elementor-element elementor-element-50d290a elementor-widget elementor-widget-text-editor\" data-id=\"50d290a\" data-element_type=\"widget\" data-widget_type=\"text-editor.default\">\n\t\t\t\t<div class=\"elementor-widget-container\">\n\t\t\t\t\t\t\t<p>Equipos Docentes que dise\u00f1en, implementen y eval\u00faen la integraci\u00f3n de tecnolog\u00eda en actividades pr\u00e1cticas (laboratorios, actividades en contexto simulado o real) seg\u00fan las caracter\u00edsticas de la disciplina y las habilidades a desarrollar en los estudiantes.<\/p>\n<p><\/p>\n<h4>Aspectos a considerar:<\/h4>\n<p><strong>&nbsp;<\/strong><\/p>\n<ul>\n<li>Incorporaci\u00f3n de&nbsp;&nbsp; software&nbsp; o&nbsp;&nbsp; hardware&nbsp; espec\u00edficos&nbsp; para&nbsp; representaci\u00f3n experimental de situaciones de aprendizaje.<\/li><\/ul>\n<p><\/p>\n<ul>\n<li>Uso adaptado de laboratorios presenciales a docencia virtual.<\/li>\n<\/ul>\n<ul>\n<li>Integraci\u00f3n de herramientas did\u00e1cticas virtuales para simular situaciones reales en un entorno controlado.<\/li>\n<\/ul>\n<ul>\n<li>Herramientas tecnol\u00f3gicas para resaltar la comunicaci\u00f3n entre grupos como parte fundamental del trabajo cooperativo en actividades de experimentaci\u00f3n (trabajo con datos).<\/li>\n<\/ul>\n<ul>\n<li>Incorporaci\u00f3n de herramientas y estrategias que faciliten la interacci\u00f3n y el seguimiento entre docentes y estudiantes en actividades pr\u00e1cticas.<\/li>\n<\/ul>\n<ul>\n<li>Exploraci\u00f3n de uso de cuadernos de laboratorio electr\u00f3nicos (ELN).<\/li>\n<\/ul>\t\t\t\t\t\t<\/div>\n\t\t\t\t<\/div>\n\t\t\t\t\t<\/div>\n\t\t<\/div>\n\t\t\t\t\t\t\t<\/div>\n\t\t<\/section>\n\t\t\t\t<section class=\"elementor-section elementor-top-section elementor-element elementor-element-2a6c91c elementor-section-boxed elementor-section-height-default elementor-section-height-default\" data-id=\"2a6c91c\" data-element_type=\"section\">\n\t\t\t\t\t\t<div class=\"elementor-container elementor-column-gap-default\">\n\t\t\t\t\t<div class=\"elementor-column elementor-col-100 elementor-top-column elementor-element elementor-element-8e35c7e\" data-id=\"8e35c7e\" data-element_type=\"column\">\n\t\t\t<div class=\"elementor-widget-wrap elementor-element-populated\">\n\t\t\t\t\t\t\t\t<div class=\"elementor-element elementor-element-65e59b8 elementor-widget elementor-widget-heading\" data-id=\"65e59b8\" data-element_type=\"widget\" data-widget_type=\"heading.default\">\n\t\t\t\t<div class=\"elementor-widget-container\">\n\t\t\t<h4 class=\"elementor-heading-title elementor-size-default\">L\u00ednea 3: Experiencias de aprendizaje activo de los estudiantes como COIL, Aula Invertida y Aprendizaje Servicio con uso de recursos digitales<\/h4>\t\t<\/div>\n\t\t\t\t<\/div>\n\t\t\t\t\t<\/div>\n\t\t<\/div>\n\t\t\t\t\t\t\t<\/div>\n\t\t<\/section>\n\t\t\t\t<section class=\"elementor-section elementor-top-section elementor-element elementor-element-c387985 elementor-section-boxed elementor-section-height-default elementor-section-height-default\" data-id=\"c387985\" data-element_type=\"section\">\n\t\t\t\t\t\t<div class=\"elementor-container elementor-column-gap-default\">\n\t\t\t\t\t<div class=\"elementor-column elementor-col-100 elementor-top-column elementor-element elementor-element-3e24393\" data-id=\"3e24393\" data-element_type=\"column\">\n\t\t\t<div class=\"elementor-widget-wrap elementor-element-populated\">\n\t\t\t\t\t\t\t\t<div class=\"elementor-element elementor-element-6dba2f2 elementor-widget elementor-widget-text-editor\" data-id=\"6dba2f2\" data-element_type=\"widget\" data-widget_type=\"text-editor.default\">\n\t\t\t\t<div class=\"elementor-widget-container\">\n\t\t\t\t\t\t\t<div class=\"page\" title=\"Page 8\"><div class=\"layoutArea\"><div class=\"column\"><p>Grupos de trabajo que disen\u0303en, implementen y evalu\u0301en experiencias de aprendizaje innovadoras vinculadas con retos sociales, sostenibilidad o interculturalidad, integrando tecnologi\u0301as para su desarrollo en contextos remotos, presenciales o hi\u0301bridos de aprendizaje<\/p><\/div><\/div><\/div><h4>Tem\u00e1ticas a considerar:<\/h4><p><strong>\u00a0<\/strong><\/p><ul><li>Implementaci\u00f3n y evaluaci\u00f3n de experiencias de Aprendizaje y Servicio.<\/li><li>Implementacio\u0301n y evaluacio\u0301n de experiencias de Aprendizaje con Aula Invertida<\/li><li>Implementaci\u00f3n y evaluaci\u00f3n de experiencias Collaborative Online International Learning (COIL).<\/li><\/ul>\t\t\t\t\t\t<\/div>\n\t\t\t\t<\/div>\n\t\t\t\t\t<\/div>\n\t\t<\/div>\n\t\t\t\t\t\t\t<\/div>\n\t\t<\/section>\n\t\t\t\t<section class=\"elementor-section elementor-top-section elementor-element elementor-element-6443926 elementor-section-boxed elementor-section-height-default elementor-section-height-default\" data-id=\"6443926\" data-element_type=\"section\">\n\t\t\t\t\t\t<div class=\"elementor-container elementor-column-gap-default\">\n\t\t\t\t\t<div class=\"elementor-column elementor-col-100 elementor-top-column elementor-element elementor-element-2830fc4\" data-id=\"2830fc4\" data-element_type=\"column\">\n\t\t\t<div class=\"elementor-widget-wrap elementor-element-populated\">\n\t\t\t\t\t\t\t\t<div class=\"elementor-element elementor-element-56e7383 elementor-widget elementor-widget-heading\" data-id=\"56e7383\" data-element_type=\"widget\" data-widget_type=\"heading.default\">\n\t\t\t\t<div class=\"elementor-widget-container\">\n\t\t\t<h3 class=\"elementor-heading-title elementor-size-default\">VIII.\tPOSTULACI\u00d3N<\/h3>\t\t<\/div>\n\t\t\t\t<\/div>\n\t\t\t\t\t<\/div>\n\t\t<\/div>\n\t\t\t\t\t\t\t<\/div>\n\t\t<\/section>\n\t\t\t\t<section class=\"elementor-section elementor-top-section elementor-element elementor-element-8781ebf elementor-section-boxed elementor-section-height-default elementor-section-height-default\" data-id=\"8781ebf\" data-element_type=\"section\">\n\t\t\t\t\t\t<div class=\"elementor-container elementor-column-gap-default\">\n\t\t\t\t\t<div class=\"elementor-column elementor-col-100 elementor-top-column elementor-element elementor-element-0b8f73b\" data-id=\"0b8f73b\" data-element_type=\"column\">\n\t\t\t<div class=\"elementor-widget-wrap elementor-element-populated\">\n\t\t\t\t\t\t\t\t<div class=\"elementor-element elementor-element-c51fb89 elementor-widget elementor-widget-text-editor\" data-id=\"c51fb89\" data-element_type=\"widget\" data-widget_type=\"text-editor.default\">\n\t\t\t\t<div class=\"elementor-widget-container\">\n\t\t\t\t\t\t\t<p>Periodo de Postulaci\u00f3n: <strong>30 de agosto al 16 de septiembre de 2021<\/strong><\/p><ul><li>Completar formulario de postulaci\u00f3n en <a href=\"http:\/\/intranet.ufro.cl\">intranet.ufro.cl<\/a> Investigador opci\u00f3n Crear Proyecto.<\/li><\/ul><ul><li>Adjuntar Carta firmada por el Director de Carrera y\/o Departamento apoyando la iniciativa por el aporte a la docencia en las unidades acad\u00e9micas. (Adjuntar en la postulaci\u00f3n)<\/li><\/ul>\t\t\t\t\t\t<\/div>\n\t\t\t\t<\/div>\n\t\t\t\t\t<\/div>\n\t\t<\/div>\n\t\t\t\t\t\t\t<\/div>\n\t\t<\/section>\n\t\t\t\t<section class=\"elementor-section elementor-top-section elementor-element elementor-element-accce2c elementor-section-boxed elementor-section-height-default elementor-section-height-default\" data-id=\"accce2c\" data-element_type=\"section\">\n\t\t\t\t\t\t<div class=\"elementor-container elementor-column-gap-default\">\n\t\t\t\t\t<div class=\"elementor-column elementor-col-100 elementor-top-column elementor-element elementor-element-a9177f8\" data-id=\"a9177f8\" data-element_type=\"column\">\n\t\t\t<div class=\"elementor-widget-wrap elementor-element-populated\">\n\t\t\t\t\t\t\t\t<div class=\"elementor-element elementor-element-ac2d4f5 elementor-widget elementor-widget-heading\" data-id=\"ac2d4f5\" data-element_type=\"widget\" data-widget_type=\"heading.default\">\n\t\t\t\t<div class=\"elementor-widget-container\">\n\t\t\t<h3 class=\"elementor-heading-title elementor-size-default\">IX.- RESPECTO AL PLANTEAMIENTO DE LOS PROYECTOS DE INNOVACI\u00d3N:<\/h3>\t\t<\/div>\n\t\t\t\t<\/div>\n\t\t\t\t<div class=\"elementor-element elementor-element-aea3c35 elementor-widget elementor-widget-text-editor\" data-id=\"aea3c35\" data-element_type=\"widget\" data-widget_type=\"text-editor.default\">\n\t\t\t\t<div class=\"elementor-widget-container\">\n\t\t\t\t\t\t\t<p>Las iniciativas presentadas deben considerar en su formulaci\u00f3n, los siguientes aspectos claves para la evaluaci\u00f3n de las iniciativas. Todos ellos deben estar expuestos en el formulario de postulaci\u00f3n.<\/p><ul><li><strong>Justificaci\u00f3n del Proyecto: <\/strong>Descripci\u00f3n del problema que justifica la necesidad del proyecto como respuesta a una dificultad, deficiencia, necesidad de de desarrollo de alguna competencia o mejora al proceso de ense\u00f1anza-aprendizaje.<\/li><\/ul><ul><li><strong>Objetivo (s) del Proyecto : <\/strong>Que guiar\u00e1n las acciones a desarrollar en esta experiencia de innovaci\u00f3n, siempre orientada a como esta mejorar\u00eda el aprendizaje de los estudiantes en un \u00e1rea disciplinaria o actividad curricular.<\/li><\/ul><ul><li><strong>Propuesta de Innovaci\u00f3n y Plan de Trabajo: <\/strong>Descripci\u00f3n general de la propuesta (y plan de trabajo que indique las etapas de desarrollo para el logro de el o los objetivos El Plan de Trabajo debe considerar acciones a nivel de:<ul><li><strong style=\"color: var( --e-global-color-text ); font-family: var( --e-global-typography-text-font-family ), arial; letter-spacing: 0px;\">Dise\u00f1o: <\/strong><span style=\"color: var( --e-global-color-text ); font-family: var( --e-global-typography-text-font-family ), arial; font-weight: var( --e-global-typography-text-font-weight ); letter-spacing: 0px;\">Evidenciar cierto conocimiento en el \u00e1mbito en que se realizar\u00e1 la innovaci\u00f3n, para ello se debe aportar referencias bibliogr\u00e1ficas actualizadas de innovaciones o investigaci\u00f3n que sustenten la propuesta.<\/span><\/li><\/ul><\/li><\/ul><ul><li style=\"list-style-type: none;\"><ul><li><strong style=\"color: var( --e-global-color-text ); font-family: var( --e-global-typography-text-font-family ), arial; letter-spacing: 0px;\">Implementaci\u00f3n: <\/strong><span style=\"color: var( --e-global-color-text ); font-family: var( --e-global-typography-text-font-family ), arial; font-weight: var( --e-global-typography-text-font-weight ); letter-spacing: 0px;\">metodolog\u00eda de trabajo, recursos y tiempos de desarrollo.<\/span><\/li><\/ul><\/li><\/ul><ul><li style=\"list-style-type: none;\"><ul><li><strong style=\"color: var( --e-global-color-text ); font-family: var( --e-global-typography-text-font-family ), arial; letter-spacing: 0px;\">Evaluaci\u00f3n de la propuesta: <\/strong><span style=\"color: var( --e-global-color-text ); font-family: var( --e-global-typography-text-font-family ), arial; font-weight: var( --e-global-typography-text-font-weight ); letter-spacing: 0px;\">Dise\u00f1ar las acciones que permitir\u00e1n obtener los datos con los cuales sostener las conclusiones; identificar indicadores que permitir\u00e1n valorar el resultado de la propuestas e instrumento que se utilizar\u00e1. Se sugiere considerar entre ellos el grado de satisfacci\u00f3n de los estudiantes que participan en el proyecto.<\/span><\/li><li><strong style=\"color: var( --e-global-color-text ); font-family: var( --e-global-typography-text-font-family ), arial; letter-spacing: 0px;\">Cronograma de ejecuci\u00f3n del proyecto: <\/strong><span style=\"color: var( --e-global-color-text ); font-family: var( --e-global-typography-text-font-family ), arial; font-weight: var( --e-global-typography-text-font-weight ); letter-spacing: 0px;\">Considerar los 18 meses de ejecuci\u00f3n<\/span><\/li><li><strong style=\"color: var( --e-global-color-text ); font-family: var( --e-global-typography-text-font-family ), arial; letter-spacing: 0px;\">Recursos Solicitados: <\/strong><span style=\"color: var( --e-global-color-text ); font-family: var( --e-global-typography-text-font-family ), arial; font-weight: var( --e-global-typography-text-font-weight ); letter-spacing: 0px;\">Ajustarse a indicaciones indicadas en las Bases<\/span><\/li><\/ul><\/li><\/ul>\t\t\t\t\t\t<\/div>\n\t\t\t\t<\/div>\n\t\t\t\t\t<\/div>\n\t\t<\/div>\n\t\t\t\t\t\t\t<\/div>\n\t\t<\/section>\n\t\t\t\t<section class=\"elementor-section elementor-top-section elementor-element elementor-element-bddde59 elementor-section-boxed elementor-section-height-default elementor-section-height-default\" data-id=\"bddde59\" data-element_type=\"section\">\n\t\t\t\t\t\t<div class=\"elementor-container elementor-column-gap-default\">\n\t\t\t\t\t<div class=\"elementor-column elementor-col-100 elementor-top-column elementor-element elementor-element-6dcbbe2\" data-id=\"6dcbbe2\" data-element_type=\"column\">\n\t\t\t<div class=\"elementor-widget-wrap elementor-element-populated\">\n\t\t\t\t\t\t\t\t<div class=\"elementor-element elementor-element-d40cb4f elementor-widget elementor-widget-heading\" data-id=\"d40cb4f\" data-element_type=\"widget\" data-widget_type=\"heading.default\">\n\t\t\t\t<div class=\"elementor-widget-container\">\n\t\t\t<h3 class=\"elementor-heading-title elementor-size-default\">X.\tELEGIBILIDAD Y EVALUACI\u00d3N DE LOS PROYECTOS.<\/h3>\t\t<\/div>\n\t\t\t\t<\/div>\n\t\t\t\t\t<\/div>\n\t\t<\/div>\n\t\t\t\t\t\t\t<\/div>\n\t\t<\/section>\n\t\t\t\t<section class=\"elementor-section elementor-top-section elementor-element elementor-element-f66bb89 elementor-section-boxed elementor-section-height-default elementor-section-height-default\" data-id=\"f66bb89\" data-element_type=\"section\">\n\t\t\t\t\t\t<div class=\"elementor-container elementor-column-gap-default\">\n\t\t\t\t\t<div class=\"elementor-column elementor-col-100 elementor-top-column elementor-element elementor-element-6495a88\" data-id=\"6495a88\" data-element_type=\"column\">\n\t\t\t<div class=\"elementor-widget-wrap elementor-element-populated\">\n\t\t\t\t\t\t\t\t<div class=\"elementor-element elementor-element-8f926a3 elementor-widget elementor-widget-text-editor\" data-id=\"8f926a3\" data-element_type=\"widget\" data-widget_type=\"text-editor.default\">\n\t\t\t\t<div class=\"elementor-widget-container\">\n\t\t\t\t\t\t\t<h4>Elegibilidad<\/h4>\n<p>Solo ser\u00e1n elegibles:<\/p>\n<ul>\n<li>Postulaciones presentadas en el formulario disponible en intranet.ufro.cl\/ investigador opci\u00f3n \u201cCrear proyectos\u201d.<\/li>\n<\/ul>\n<ul>\n<li>Propuestas que presentan la informaci\u00f3n solicitada de manera completa.<\/li>\n<\/ul>\n<ul>\n<li>Que se ajuste a una o m\u00e1s L\u00edneas de Desarrollo<\/li>\n<\/ul>\n<h4>Criterios de Evaluaci\u00f3n de proyectos<\/h4>\n<p>La comisi\u00f3n aplicar\u00e1 los siguientes criterios de evaluaci\u00f3n :<\/p>\n<p><\/p>\t\t\t\t\t\t<\/div>\n\t\t\t\t<\/div>\n\t\t\t\t\t<\/div>\n\t\t<\/div>\n\t\t\t\t\t\t\t<\/div>\n\t\t<\/section>\n\t\t\t\t<section class=\"elementor-section elementor-top-section elementor-element elementor-element-cda37a3 elementor-section-boxed elementor-section-height-default elementor-section-height-default\" data-id=\"cda37a3\" data-element_type=\"section\">\n\t\t\t\t\t\t<div class=\"elementor-container elementor-column-gap-default\">\n\t\t\t\t\t<div class=\"elementor-column elementor-col-100 elementor-top-column elementor-element elementor-element-d318e3e\" data-id=\"d318e3e\" data-element_type=\"column\">\n\t\t\t<div class=\"elementor-widget-wrap elementor-element-populated\">\n\t\t\t\t\t\t\t\t<div class=\"elementor-element elementor-element-cad1f9a elementor-widget elementor-widget-heading\" data-id=\"cad1f9a\" data-element_type=\"widget\" data-widget_type=\"heading.default\">\n\t\t\t\t<div class=\"elementor-widget-container\">\n\t\t\t<h3 class=\"elementor-heading-title elementor-size-default\">XI.\tCOMIT\u00c9 DE EVALUACI\u00d3N<\/h3>\t\t<\/div>\n\t\t\t\t<\/div>\n\t\t\t\t\t<\/div>\n\t\t<\/div>\n\t\t\t\t\t\t\t<\/div>\n\t\t<\/section>\n\t\t\t\t<section class=\"elementor-section elementor-top-section elementor-element elementor-element-e921a9e elementor-section-boxed elementor-section-height-default elementor-section-height-default\" data-id=\"e921a9e\" data-element_type=\"section\">\n\t\t\t\t\t\t<div class=\"elementor-container elementor-column-gap-default\">\n\t\t\t\t\t<div class=\"elementor-column elementor-col-100 elementor-top-column elementor-element elementor-element-24aa860\" data-id=\"24aa860\" data-element_type=\"column\">\n\t\t\t<div class=\"elementor-widget-wrap elementor-element-populated\">\n\t\t\t\t\t\t\t\t<div class=\"elementor-element elementor-element-3e41a9e elementor-widget elementor-widget-text-editor\" data-id=\"3e41a9e\" data-element_type=\"widget\" data-widget_type=\"text-editor.default\">\n\t\t\t\t<div class=\"elementor-widget-container\">\n\t\t\t\t\t\t\t<p>Los proyectos que se presenten ser\u00e1n evaluados \u201ca ciegas\u201d por una Comisi\u00f3n basados en una Pauta de Evaluaci\u00f3n indicada en el punto IX.<\/p><p>La Comisi\u00f3n de Evaluaci\u00f3n de Proyectos de Desarrollo e Innovaci\u00f3n Docente en el Pregrado estar\u00e1 integrada por:<\/p><p>\u00a0 \u00a0 \u00a0a) Directora de Desarrollo Curricular y Docente<\/p><p>\u00a0 \u00a0 \u00a0b) Asesores del Equipo de Desarrollo Docente e Innovaci\u00f3n Metodol\u00f3gica<\/p><p>\u00a0 \u00a0 \u00a0c) Director\/a de Pregrado (o representante) de la Facultad en que se implementa el Proyecto de Innovaci\u00f3n.<\/p><p>Cada proyecto en postulaci\u00f3n ser\u00e1 evaluado por tres miembros de la comisi\u00f3n. Ser\u00e1n seleccionados para ejecuci\u00f3n aquellos de mayor puntaje por Facultad. Si una facultad no completa los cupos asignados se ceden al postulante con m\u00e1s alto puntaje en espera.<\/p><ul><li><span style=\"color: inherit; font-family: -apple-system, BlinkMacSystemFont, 'Segoe UI', Roboto, Oxygen-Sans, Ubuntu, Cantarell, 'Helvetica Neue', sans-serif; font-weight: bold; letter-spacing: -0.02em;\">Facultad de Ciencias :\u00a0<\/span><span style=\"color: inherit; font-family: -apple-system, BlinkMacSystemFont, 'Segoe UI', Roboto, Oxygen-Sans, Ubuntu, Cantarell, 'Helvetica Neue', sans-serif; letter-spacing: -0.02em; font-weight: normal;\">2 proyectos\u00a0<\/span><strong>Agropecuarias y Forestales<\/strong><\/li><li><strong>Facultad de Ciencias:<\/strong>\u00a0<span style=\"font-weight: normal;\">2 proyectos\u00a0<\/span><strong>Jur\u00eddicas y Empresariales<\/strong><\/li><li><b>Facultad de Educaci\u00f3n:<\/b> 3 proyectos\u00a0<b>\u00a0Ciencias Sociales y Humanidades<\/b><\/li><li><strong>Facultad de Ingenier\u00eda y Ciencias: <\/strong><span style=\"font-weight: normal;\">3 proyectos<\/span><\/li><li><strong>Facultad de Medicina: <\/strong><span style=\"font-weight: normal;\">3 proyectos<\/span><\/li><li><strong>Facultad de Odontolog\u00eda: <\/strong><span style=\"font-weight: normal;\">2 proyectos<\/span><\/li><\/ul>\t\t\t\t\t\t<\/div>\n\t\t\t\t<\/div>\n\t\t\t\t\t<\/div>\n\t\t<\/div>\n\t\t\t\t\t\t\t<\/div>\n\t\t<\/section>\n\t\t\t\t<section class=\"elementor-section elementor-top-section elementor-element elementor-element-09fc942 elementor-section-boxed elementor-section-height-default elementor-section-height-default\" data-id=\"09fc942\" data-element_type=\"section\">\n\t\t\t\t\t\t<div class=\"elementor-container elementor-column-gap-default\">\n\t\t\t\t\t<div class=\"elementor-column elementor-col-100 elementor-top-column elementor-element elementor-element-e91ce5b\" data-id=\"e91ce5b\" data-element_type=\"column\">\n\t\t\t<div class=\"elementor-widget-wrap elementor-element-populated\">\n\t\t\t\t\t\t\t\t<div class=\"elementor-element elementor-element-fc4b5c3 elementor-widget elementor-widget-heading\" data-id=\"fc4b5c3\" data-element_type=\"widget\" data-widget_type=\"heading.default\">\n\t\t\t\t<div class=\"elementor-widget-container\">\n\t\t\t<h3 class=\"elementor-heading-title elementor-size-default\">XII.\tCRONOGRAMA CONVOCATORIA 2021<\/h3>\t\t<\/div>\n\t\t\t\t<\/div>\n\t\t\t\t\t<\/div>\n\t\t<\/div>\n\t\t\t\t\t\t\t<\/div>\n\t\t<\/section>\n\t\t\t\t<section class=\"elementor-section elementor-top-section elementor-element elementor-element-2b1d8c5 elementor-section-boxed elementor-section-height-default elementor-section-height-default\" data-id=\"2b1d8c5\" data-element_type=\"section\">\n\t\t\t\t\t\t<div class=\"elementor-container elementor-column-gap-default\">\n\t\t\t\t\t<div class=\"elementor-column elementor-col-100 elementor-top-column elementor-element elementor-element-00b015d\" data-id=\"00b015d\" data-element_type=\"column\">\n\t\t\t<div class=\"elementor-widget-wrap\">\n\t\t\t\t\t\t\t\t\t<\/div>\n\t\t<\/div>\n\t\t\t\t\t\t\t<\/div>\n\t\t<\/section>\n\t\t\t\t<section class=\"elementor-section elementor-top-section elementor-element elementor-element-28434e7 elementor-section-boxed elementor-section-height-default elementor-section-height-default\" data-id=\"28434e7\" data-element_type=\"section\">\n\t\t\t\t\t\t<div class=\"elementor-container elementor-column-gap-default\">\n\t\t\t\t\t<div class=\"elementor-column elementor-col-100 elementor-top-column elementor-element elementor-element-be264bc\" data-id=\"be264bc\" data-element_type=\"column\">\n\t\t\t<div class=\"elementor-widget-wrap elementor-element-populated\">\n\t\t\t\t\t\t\t\t<div class=\"elementor-element elementor-element-198d991 elementor-widget elementor-widget-heading\" data-id=\"198d991\" data-element_type=\"widget\" data-widget_type=\"heading.default\">\n\t\t\t\t<div class=\"elementor-widget-container\">\n\t\t\t<h3 class=\"elementor-heading-title elementor-size-default\">XIII.\tSEGUIMIENTO Y CIERRE DE LOS PROYECTOS<\/h3>\t\t<\/div>\n\t\t\t\t<\/div>\n\t\t\t\t\t<\/div>\n\t\t<\/div>\n\t\t\t\t\t\t\t<\/div>\n\t\t<\/section>\n\t\t\t\t<section class=\"elementor-section elementor-top-section elementor-element elementor-element-9a8d6c0 elementor-section-boxed elementor-section-height-default elementor-section-height-default\" data-id=\"9a8d6c0\" data-element_type=\"section\">\n\t\t\t\t\t\t<div class=\"elementor-container elementor-column-gap-default\">\n\t\t\t\t\t<div class=\"elementor-column elementor-col-100 elementor-top-column elementor-element elementor-element-c62b0f3\" data-id=\"c62b0f3\" data-element_type=\"column\">\n\t\t\t<div class=\"elementor-widget-wrap elementor-element-populated\">\n\t\t\t\t\t\t\t\t<div class=\"elementor-element elementor-element-c4336f3 elementor-widget elementor-widget-text-editor\" data-id=\"c4336f3\" data-element_type=\"widget\" data-widget_type=\"text-editor.default\">\n\t\t\t\t<div class=\"elementor-widget-container\">\n\t\t\t\t\t\t\t<ol><li>La Coordinacio\u0301n de Desarrollo Docente sera\u0301 la encargada de facilitar el desarrollo del proyecto.<\/li><\/ol><ol start=\"2\"><li>En los aspectos financieros todas la consultas y apoyos sera\u0301n gestionados por la unidad de gestio\u0301n financiera de la VIPRE dirigidas a mail proyectos.pregrado@ufrontera.cl<\/li><\/ol><ol start=\"3\"><li>El Director o Directora del proyecto debera\u0301 velar por el buen funcionamiento del equipo de trabajo para una adecuada ejecucio\u0301n, distribuyendo responsabilidades en cada una de las acciones, actividades comprometidas, dando tiempo y relevancia al ana\u0301lisis de los resultados alcanzados. En este sentido, las altas y bajas de miembros del equipo durante el transcurso del desarrollo del proyecto, debera\u0301n ser informadas por escrito a la Directora de Desarrollo Curricular y Docente, debiendo estar debidamente justificadas.<\/li><\/ol><ol start=\"4\"><li>El director o directora (subrogante o miembro del equipo en quien delegue) sera\u0301 responsable de asistir a las reuniones de seguimiento y comunicar en la forma que se le requiera el desarrollo del proyecto a lo largo del mismo.<\/li><\/ol><ol start=\"5\"><li>Al finalizar el proyecto, se debera\u0301 hacer entrega de un informe final de resultados acorde a formato.<\/li><\/ol>\t\t\t\t\t\t<\/div>\n\t\t\t\t<\/div>\n\t\t\t\t\t<\/div>\n\t\t<\/div>\n\t\t\t\t\t\t\t<\/div>\n\t\t<\/section>\n\t\t\t\t<section class=\"elementor-section elementor-top-section elementor-element elementor-element-866ca50 elementor-section-boxed elementor-section-height-default elementor-section-height-default\" data-id=\"866ca50\" data-element_type=\"section\">\n\t\t\t\t\t\t<div class=\"elementor-container elementor-column-gap-default\">\n\t\t\t\t\t<div class=\"elementor-column elementor-col-100 elementor-top-column elementor-element elementor-element-bea4ae7\" data-id=\"bea4ae7\" data-element_type=\"column\">\n\t\t\t<div class=\"elementor-widget-wrap elementor-element-populated\">\n\t\t\t\t\t\t\t\t<div class=\"elementor-element elementor-element-0638745 elementor-widget elementor-widget-heading\" data-id=\"0638745\" data-element_type=\"widget\" data-widget_type=\"heading.default\">\n\t\t\t\t<div class=\"elementor-widget-container\">\n\t\t\t<h3 class=\"elementor-heading-title elementor-size-default\">XIV.- PUBLICACI\u00d3N DE RESULTADOS<\/h3>\t\t<\/div>\n\t\t\t\t<\/div>\n\t\t\t\t<div class=\"elementor-element elementor-element-c3e377f elementor-widget elementor-widget-text-editor\" data-id=\"c3e377f\" data-element_type=\"widget\" data-widget_type=\"text-editor.default\">\n\t\t\t\t<div class=\"elementor-widget-container\">\n\t\t\t\t\t\t\t<p>Se garantizar\u00e1 una adecuada informaci\u00f3n de los proyectos que se adjudican fondos en esta convocatoria utilizando al menos los siguientes procedimientos:<\/p><p>\u00a0<\/p><ul><li>Publicaci\u00f3n en la web institucional y de la Vicerrector\u00eda de Pregrado.<\/li><\/ul><ul><li>Correo electr\u00f3nico con los resultados dirigido a cada uno de los miembros de los equipos docentes postulantes.<\/li><\/ul><ul><li>Publicaci\u00f3n de resultados de la convocatoria a trav\u00e9s del portal\u00a0<a style=\"font-family: var( --e-global-typography-text-font-family ), arial; font-weight: var( --e-global-typography-text-font-weight ); background-color: #ffffff; letter-spacing: 0px;\" href=\"http:\/\/docenciavirtual.ufro.cl\/\"><strong>docenciavirtual.ufro.cl<\/strong><\/a><\/li><\/ul><p><strong>\u00a0<\/strong><\/p>\t\t\t\t\t\t<\/div>\n\t\t\t\t<\/div>\n\t\t\t\t\t<\/div>\n\t\t<\/div>\n\t\t\t\t\t\t\t<\/div>\n\t\t<\/section>\n\t\t\t\t\t\t\t<\/div>\n\t\t<\/div>","pwapp_post_content_type":"postprocessed2","pwapp_preview_type":"excerpt","androapp_failover_post_content_type":"","share_text":"Fondo Concursable Proyectos de Desarrollo e Innovaci\u00f3n Docente 2021\nvia https:\/\/docenciavirtual.ufro.cl\/index.php\/fondo-concursable\/","androapp_comments_count":0,"supercache":"androappsupercache","_links":{"self":[{"href":"https:\/\/docenciavirtual.ufro.cl\/index.php\/wp-json\/wp\/v2\/pages\/4672"}],"collection":[{"href":"https:\/\/docenciavirtual.ufro.cl\/index.php\/wp-json\/wp\/v2\/pages"}],"about":[{"href":"https:\/\/docenciavirtual.ufro.cl\/index.php\/wp-json\/wp\/v2\/types\/page"}],"author":[{"embeddable":true,"href":"https:\/\/docenciavirtual.ufro.cl\/index.php\/wp-json\/wp\/v2\/users\/112"}],"replies":[{"embeddable":true,"href":"https:\/\/docenciavirtual.ufro.cl\/index.php\/wp-json\/wp\/v2\/comments?post=4672"}],"version-history":[{"count":139,"href":"https:\/\/docenciavirtual.ufro.cl\/index.php\/wp-json\/wp\/v2\/pages\/4672\/revisions"}],"predecessor-version":[{"id":6911,"href":"https:\/\/docenciavirtual.ufro.cl\/index.php\/wp-json\/wp\/v2\/pages\/4672\/revisions\/6911"}],"wp:attachment":[{"href":"https:\/\/docenciavirtual.ufro.cl\/index.php\/wp-json\/wp\/v2\/media?parent=4672"}],"curies":[{"name":"wp","href":"https:\/\/api.w.org\/{rel}","templated":true}]}}